{"id":214,"date":"2023-10-03T19:59:04","date_gmt":"2023-10-03T19:59:04","guid":{"rendered":"https:\/\/kunstwerkdedirigent.nl\/?page_id=214"},"modified":"2026-03-31T18:38:51","modified_gmt":"2026-03-31T18:38:51","slug":"ambassadeurs","status":"publish","type":"page","link":"https:\/\/kunstwerkdedirigent.nl\/index.php\/ambassadeurs\/","title":{"rendered":"Ambassadeurs"},"content":{"rendered":"<p>[et_pb_section fb_built=&#8221;1&#8243; fullwidth=&#8221;on&#8221; admin_label=&#8221;Header&#8221; _builder_version=&#8221;4.16&#8243; background_color=&#8221;#b7b9c7&#8243; custom_padding=&#8221;0px|0|0px|0px|false|false&#8221; locked=&#8221;off&#8221; global_colors_info=&#8221;{}&#8221;][et_pb_fullwidth_header title=&#8221;De Ambassadeurs&#8221; text_orientation=&#8221;center&#8221; background_overlay_color=&#8221;rgba(83,90,128,0.3)&#8221; _builder_version=&#8221;4.22.1&#8243; title_font=&#8221;Noto Serif|700|||||||&#8221; title_text_align=&#8221;center&#8221; title_font_size=&#8221;70px&#8221; title_line_height=&#8221;1.1em&#8221; content_font=&#8221;Noto Sans||||||||&#8221; content_font_size=&#8221;18px&#8221; content_line_height=&#8221;2em&#8221; subhead_font=&#8221;Noto Sans||||||||&#8221; subhead_text_align=&#8221;center&#8221; subhead_font_size=&#8221;30px&#8221; subhead_line_height=&#8221;2em&#8221; background_color=&#8221;rgba(255,255,255,0)&#8221; background_image=&#8221;https:\/\/kunstwerkdedirigent.nl\/wp-content\/uploads\/2023\/08\/binnenkant_2.jpg&#8221; background_position=&#8221;bottom_center&#8221; custom_button_one=&#8221;on&#8221; button_one_text_size=&#8221;17px&#8221; button_one_text_color=&#8221;#ffffff&#8221; button_one_bg_color=&#8221;#ff6b5a&#8221; button_one_border_width=&#8221;7px&#8221; button_one_border_color=&#8221;#ff6b5a&#8221; button_one_border_radius=&#8221;100px&#8221; button_one_font=&#8221;Noto Sans|700||on|||||&#8221; button_one_use_icon=&#8221;off&#8221; custom_margin=&#8221;|||&#8221; custom_padding=&#8221;110px||110px||true&#8221; custom_padding_tablet=&#8221;100px|||&#8221; custom_padding_phone=&#8221;&#8221; custom_padding_last_edited=&#8221;on|phone&#8221; animation_style=&#8221;fade&#8221; animation_direction=&#8221;top&#8221; title_font_size_tablet=&#8221;40px&#8221; title_font_size_phone=&#8221;&#8221; title_font_size_last_edited=&#8221;on|tablet&#8221; subhead_font_size_tablet=&#8221;&#8221; subhead_font_size_phone=&#8221;20px&#8221; subhead_font_size_last_edited=&#8221;on|desktop&#8221; subhead_line_height_tablet=&#8221;&#8221; subhead_line_height_phone=&#8221;1.5em&#8221; subhead_line_height_last_edited=&#8221;on|phone&#8221; button_one_text_color_hover=&#8221;#ffffff&#8221; button_one_border_color_hover=&#8221;#ff9e59&#8243; button_one_border_radius_hover=&#8221;100px&#8221; button_one_bg_color_hover=&#8221;#ff9e59&#8243; global_colors_info=&#8221;{}&#8221; button_one_text_size__hover_enabled=&#8221;off&#8221; button_two_text_size__hover_enabled=&#8221;off&#8221; button_one_text_color__hover_enabled=&#8221;on&#8221; button_one_text_color__hover=&#8221;#ffffff&#8221; button_two_text_color__hover_enabled=&#8221;off&#8221; button_one_border_width__hover_enabled=&#8221;off&#8221; button_two_border_width__hover_enabled=&#8221;off&#8221; button_one_border_color__hover_enabled=&#8221;on&#8221; button_one_border_color__hover=&#8221;#ff9e59&#8243; button_two_border_color__hover_enabled=&#8221;off&#8221; button_one_border_radius__hover_enabled=&#8221;on&#8221; button_one_border_radius__hover=&#8221;100px&#8221; button_two_border_radius__hover_enabled=&#8221;off&#8221; button_one_letter_spacing__hover_enabled=&#8221;off&#8221; button_two_letter_spacing__hover_enabled=&#8221;off&#8221; button_one_bg_color__hover_enabled=&#8221;on&#8221; button_one_bg_color__hover=&#8221;#ff9e59&#8243; button_two_bg_color__hover_enabled=&#8221;off&#8221;][\/et_pb_fullwidth_header][\/et_pb_section][et_pb_section fb_built=&#8221;1&#8243; admin_label=&#8221;Travel History&#8221; _builder_version=&#8221;4.23&#8243; use_background_color_gradient=&#8221;on&#8221; background_color_gradient_stops=&#8221;#ffffff 0%|rgba(255,255,255,0) 50%&#8221; background_color_gradient_overlays_image=&#8221;on&#8221; background_color_gradient_start=&#8221;#ffffff&#8221; background_color_gradient_end=&#8221;rgba(255,255,255,0)&#8221; background_color_gradient_end_position=&#8221;50%&#8221; background_image=&#8221;https:\/\/kunstwerkdedirigent.nl\/wp-content\/uploads\/2023\/08\/binnenkant_2.jpg&#8221; min_height=&#8221;4421.9px&#8221; custom_margin=&#8221;-2px|||||&#8221; custom_padding=&#8221;50px|0px|500px|0px|false|false&#8221; global_colors_info=&#8221;{}&#8221;][et_pb_row _builder_version=&#8221;4.16&#8243; custom_padding=&#8221;|||&#8221; global_colors_info=&#8221;{}&#8221;][et_pb_column type=&#8221;4_4&#8243; _builder_version=&#8221;4.16&#8243; custom_padding=&#8221;|||&#8221; global_colors_info=&#8221;{}&#8221; custom_padding__hover=&#8221;|||&#8221;][et_pb_testimonial author=&#8221;Jan Cober&#8221; job_title=&#8221;dirigent&#8221; portrait_url=&#8221;data:image\/svg+xml;base64,PHN2ZyB3aWR0aD0iNTAwIiBoZWlnaHQ9IjUwMCIgdmlld0JveD0iMCAwIDUwMCA1MDAiIHhtbG5zPSJodHRwOi8vd3d3LnczLm9yZy8yMDAwL3N2ZyI+CiAgICA8ZyBmaWxsPSJub25lIiBmaWxsLXJ1bGU9ImV2ZW5vZGQiPgogICAgICAgIDxwYXRoIGZpbGw9IiNFQkVCRUIiIGQ9Ik0wIDBoNTAwdjUwMEgweiIvPgogICAgICAgIDxyZWN0IGZpbGwtb3BhY2l0eT0iLjEiIGZpbGw9IiMwMDAiIHg9IjY4IiB5PSIzMDUiIHdpZHRoPSIzNjQiIGhlaWdodD0iNTY4IiByeD0iMTgyIi8+CiAgICAgICAgPGNpcmNsZSBmaWxsLW9wYWNpdHk9Ii4xIiBmaWxsPSIjMDAwIiBjeD0iMjQ5IiBjeT0iMTcyIiByPSIxMDAiLz4KICAgIDwvZz4KPC9zdmc+Cg==&#8221; portrait_width=&#8221;1px&#8221; portrait_height=&#8221;0px&#8221; _builder_version=&#8221;4.23&#8243; _module_preset=&#8221;default&#8221; body_font=&#8221;Noto Serif||||||||&#8221; body_font_size=&#8221;15px&#8221; body_line_height=&#8221;1.2em&#8221; author_font=&#8221;Noto Serif|700|||||||&#8221; author_line_height=&#8221;1.2em&#8221; position_font=&#8221;Noto Serif||||||||&#8221; position_font_size=&#8221;12px&#8221; position_line_height=&#8221;1.2em&#8221; global_colors_info=&#8221;{}&#8221;]<\/p>\n<p>Een initiatief zoals dit verdient alle ondersteuning. <br \/>Een blijvend appel aan de toekomst van onze blaasmuziek !<br \/>En tevens een permanente illustratie en weergave als inspiratie voor de inzet van velen in onze \u00a0muziekwereld.<br \/>Een mooi voorbeeld dat ook in deze tijden \u00a0de verbondenheid aangeeft \u00a0in de dirigenten- wereld.<\/p>\n<p>[\/et_pb_testimonial][et_pb_testimonial author=&#8221;Jan Van der Roost&#8221; job_title=&#8221;composer\/dirigent&#8221; portrait_url=&#8221;data:image\/svg+xml;base64,PHN2ZyB3aWR0aD0iNTAwIiBoZWlnaHQ9IjUwMCIgdmlld0JveD0iMCAwIDUwMCA1MDAiIHhtbG5zPSJodHRwOi8vd3d3LnczLm9yZy8yMDAwL3N2ZyI+CiAgICA8ZyBmaWxsPSJub25lIiBmaWxsLXJ1bGU9ImV2ZW5vZGQiPgogICAgICAgIDxwYXRoIGZpbGw9IiNFQkVCRUIiIGQ9Ik0wIDBoNTAwdjUwMEgweiIvPgogICAgICAgIDxyZWN0IGZpbGwtb3BhY2l0eT0iLjEiIGZpbGw9IiMwMDAiIHg9IjY4IiB5PSIzMDUiIHdpZHRoPSIzNjQiIGhlaWdodD0iNTY4IiByeD0iMTgyIi8+CiAgICAgICAgPGNpcmNsZSBmaWxsLW9wYWNpdHk9Ii4xIiBmaWxsPSIjMDAwIiBjeD0iMjQ5IiBjeT0iMTcyIiByPSIxMDAiLz4KICAgIDwvZz4KPC9zdmc+Cg==&#8221; portrait_width=&#8221;1px&#8221; portrait_height=&#8221;0px&#8221; _builder_version=&#8221;4.23&#8243; _module_preset=&#8221;default&#8221; body_font=&#8221;Noto Serif||||||||&#8221; body_font_size=&#8221;15px&#8221; body_line_height=&#8221;1.2em&#8221; author_font=&#8221;Noto Serif|700|||||||&#8221; author_line_height=&#8221;1.2em&#8221; position_font=&#8221;Noto Serif||||||||&#8221; position_font_size=&#8221;12px&#8221; position_line_height=&#8221;1.2em&#8221; global_colors_info=&#8221;{}&#8221;]<\/p>\n<p>\u2018dirigeren\u2019 &#8230; een vak, een roeping, een gave, een opdracht, een noodzaak, een genot \u2026? Of een combinatie van dit alles en nog v\u00e9\u00e9l m\u00e9\u00e9r? Hoe dan ook is het fantastisch om verbindingspersoon te mogen zijn tussen een partituur en levende muzikanten die dat alles letterlijk tot klinken brengen en de muzikale boodschap van de componist overdragen naar het publiek toe. Een statische weergave zou op zich niet onmogelijk zijn, maar een \u2018beweeglijk\u2019 kunstwerk heeft toch m\u00e9\u00e9r energie en impact op de toevallige voorbijganger of op de kunstminnaar, vind ik. Zo\u2019n artistieke creatie staat in muziekstad Kerkrade voll\u00e9dig op z\u2019n plaats: ontelbaar zijn de noten die in de stad al geklonken hebben tijdens al die WMC edities &#8211; en wie kan bij \u00a0benadering zeggen hoeveel dirigenten er in de loop der jaren al op de bok stonden of in de zaal zaten? Energie, inspiratie, creativiteit, expressie, vakmanschap, visie, passie, inzet, \u2026 verenigd in een meerlagig symbool: Kerkrade heeft er een nieuw landmark bij.<\/p>\n<p>[\/et_pb_testimonial][et_pb_testimonial author=&#8221;Miguel Etchegoncelay&#8221; job_title=&#8221;President of WASBE&#8221; portrait_url=&#8221;data:image\/svg+xml;base64,PHN2ZyB3aWR0aD0iNTAwIiBoZWlnaHQ9IjUwMCIgdmlld0JveD0iMCAwIDUwMCA1MDAiIHhtbG5zPSJodHRwOi8vd3d3LnczLm9yZy8yMDAwL3N2ZyI+CiAgICA8ZyBmaWxsPSJub25lIiBmaWxsLXJ1bGU9ImV2ZW5vZGQiPgogICAgICAgIDxwYXRoIGZpbGw9IiNFQkVCRUIiIGQ9Ik0wIDBoNTAwdjUwMEgweiIvPgogICAgICAgIDxyZWN0IGZpbGwtb3BhY2l0eT0iLjEiIGZpbGw9IiMwMDAiIHg9IjY4IiB5PSIzMDUiIHdpZHRoPSIzNjQiIGhlaWdodD0iNTY4IiByeD0iMTgyIi8+CiAgICAgICAgPGNpcmNsZSBmaWxsLW9wYWNpdHk9Ii4xIiBmaWxsPSIjMDAwIiBjeD0iMjQ5IiBjeT0iMTcyIiByPSIxMDAiLz4KICAgIDwvZz4KPC9zdmc+Cg==&#8221; portrait_width=&#8221;1px&#8221; portrait_height=&#8221;0px&#8221; _builder_version=&#8221;4.27.0&#8243; _module_preset=&#8221;default&#8221; body_font=&#8221;Noto Serif||||||||&#8221; body_font_size=&#8221;15px&#8221; body_line_height=&#8221;1.2em&#8221; author_font=&#8221;Noto Serif|700|||||||&#8221; author_line_height=&#8221;1.2em&#8221; position_font=&#8221;Noto Serif||||||||&#8221; position_font_size=&#8221;12px&#8221; position_line_height=&#8221;1.2em&#8221; global_colors_info=&#8221;{}&#8221;]<\/p>\n<p>&#8220;It is a true joy to see, all around the world, how art has the unique power to question, to inspire, and to help us search for answers to the profound challenges of our time. As President of WASBE, and also on a personal level, I am proud to contribute to this citizen-driven artwork \u2014 one that carries forward the values of music, and especially of wind music, with clarity and strength.&#8221;<\/p>\n<p>[\/et_pb_testimonial][et_pb_testimonial author=&#8221;Johan de Meij&#8221; job_title=&#8221;Componist\/Arrangeur\/Dirigent&#8221; portrait_url=&#8221;data:image\/svg+xml;base64,PHN2ZyB3aWR0aD0iNTAwIiBoZWlnaHQ9IjUwMCIgdmlld0JveD0iMCAwIDUwMCA1MDAiIHhtbG5zPSJodHRwOi8vd3d3LnczLm9yZy8yMDAwL3N2ZyI+CiAgICA8ZyBmaWxsPSJub25lIiBmaWxsLXJ1bGU9ImV2ZW5vZGQiPgogICAgICAgIDxwYXRoIGZpbGw9IiNFQkVCRUIiIGQ9Ik0wIDBoNTAwdjUwMEgweiIvPgogICAgICAgIDxyZWN0IGZpbGwtb3BhY2l0eT0iLjEiIGZpbGw9IiMwMDAiIHg9IjY4IiB5PSIzMDUiIHdpZHRoPSIzNjQiIGhlaWdodD0iNTY4IiByeD0iMTgyIi8+CiAgICAgICAgPGNpcmNsZSBmaWxsLW9wYWNpdHk9Ii4xIiBmaWxsPSIjMDAwIiBjeD0iMjQ5IiBjeT0iMTcyIiByPSIxMDAiLz4KICAgIDwvZz4KPC9zdmc+Cg==&#8221; portrait_width=&#8221;1px&#8221; portrait_height=&#8221;1px&#8221; _builder_version=&#8221;4.23&#8243; _module_preset=&#8221;default&#8221; body_font=&#8221;Noto Serif||||||||&#8221; body_font_size=&#8221;15px&#8221; body_line_height=&#8221;1.2em&#8221; position_line_height=&#8221;1.6em&#8221; custom_margin=&#8221;||15px|||&#8221; custom_padding=&#8221;23px|||||&#8221; border_radii_portrait=&#8221;on|0px|0px|0px|0px&#8221; global_colors_info=&#8221;{}&#8221;]<\/p>\n<p>&#8220;Al decennia lang is Klankstad Kerkrade onlosmakelijk verbonden aan de wereld van de blaasmuziek, waar dankzij het Wereld Muziek Concours de blaasorkesten van over de gehele wereld ongekende prestaties leveren en verbroederen met elkaar.<br \/>Het Kunstwerk Dirigent Kerkrade symboliseert twee elementen, zon en wind &#8211; we kunnen daar nog een derde element aan toevoegen: vuur! Dit wordt ingebracht door de passie en de tomeloze energie van dirigenten en muzikanten, die de symfonische blaasmuziek tot wereldformaat weten te verheffen.<br \/>Als Ambassadeur van Het Kunstwerk Dirigent Kerkrade en Musical Ambassador van het WMC ondersteun ik dit prachtige initiatief van harte.&#8221;<\/p>\n<p>[\/et_pb_testimonial][et_pb_testimonial author=&#8221;Jacob de Haan&#8221; job_title=&#8221;composer\/dirigent&#8221; portrait_url=&#8221;data:image\/svg+xml;base64,PHN2ZyB3aWR0aD0iNTAwIiBoZWlnaHQ9IjUwMCIgdmlld0JveD0iMCAwIDUwMCA1MDAiIHhtbG5zPSJodHRwOi8vd3d3LnczLm9yZy8yMDAwL3N2ZyI+CiAgICA8ZyBmaWxsPSJub25lIiBmaWxsLXJ1bGU9ImV2ZW5vZGQiPgogICAgICAgIDxwYXRoIGZpbGw9IiNFQkVCRUIiIGQ9Ik0wIDBoNTAwdjUwMEgweiIvPgogICAgICAgIDxyZWN0IGZpbGwtb3BhY2l0eT0iLjEiIGZpbGw9IiMwMDAiIHg9IjY4IiB5PSIzMDUiIHdpZHRoPSIzNjQiIGhlaWdodD0iNTY4IiByeD0iMTgyIi8+CiAgICAgICAgPGNpcmNsZSBmaWxsLW9wYWNpdHk9Ii4xIiBmaWxsPSIjMDAwIiBjeD0iMjQ5IiBjeT0iMTcyIiByPSIxMDAiLz4KICAgIDwvZz4KPC9zdmc+Cg==&#8221; portrait_width=&#8221;1px&#8221; portrait_height=&#8221;1px&#8221; _builder_version=&#8221;4.23&#8243; _module_preset=&#8221;default&#8221; body_font=&#8221;Noto Serif||||||||&#8221; body_font_size=&#8221;15px&#8221; body_line_height=&#8221;1.2em&#8221; author_font=&#8221;Noto Serif|700|||||||&#8221; author_line_height=&#8221;1.2em&#8221; custom_padding=&#8221;21px|||||&#8221; global_colors_info=&#8221;{}&#8221;]<\/p>\n<p>De directe aanleiding voor het realiseren van het gesamtkunstwerk met de naam &#8220;De Dirigent&#8221; is de energietransitie naar zonne- en windenergie.\u00a0Zo&#8217;n kunstwerk past naar mijn mening nergens beter dan in Kerkrade, een Limburgse stad die zich onsterfelijk maakt door de organisatie van het Wereld Muziek Concours. En zijn al die dirigenten die samen met hun musici aan het WMC meedoen op hun beurt ook eigenlijk niet bezig met een transitie? Je zou het\u00a0een energietransitie kunnen noemen van composities naar ware &#8216;wind&#8217;-energie. Je kunt het ook zien als een transitie van noten naar emotie. En als die emotie vervolgens het publiek weet te raken, zoals zonnestralen de zonnepanelen, dan is het doel bereikt: de emotionele\u00a0stroom is opgewekt.\u00a0Ik zie het als een eer dat ik mijn naam mag verbinden aan dit kunstwerk. Want ik realiseer me als componist en dirigent als geen ander, dat er niks mooier\u00a0is dan composities te laten leven voor een groot publiek. En daarvoor is Kerkrade de ideale plek!<\/p>\n<p>[\/et_pb_testimonial][et_pb_testimonial author=&#8221;Jan de Haan&#8221; job_title=&#8221;Componist\/Dirigent&#8221; portrait_url=&#8221;data:image\/svg+xml;base64,PHN2ZyB3aWR0aD0iNTAwIiBoZWlnaHQ9IjUwMCIgdmlld0JveD0iMCAwIDUwMCA1MDAiIHhtbG5zPSJodHRwOi8vd3d3LnczLm9yZy8yMDAwL3N2ZyI+CiAgICA8ZyBmaWxsPSJub25lIiBmaWxsLXJ1bGU9ImV2ZW5vZGQiPgogICAgICAgIDxwYXRoIGZpbGw9IiNFQkVCRUIiIGQ9Ik0wIDBoNTAwdjUwMEgweiIvPgogICAgICAgIDxyZWN0IGZpbGwtb3BhY2l0eT0iLjEiIGZpbGw9IiMwMDAiIHg9IjY4IiB5PSIzMDUiIHdpZHRoPSIzNjQiIGhlaWdodD0iNTY4IiByeD0iMTgyIi8+CiAgICAgICAgPGNpcmNsZSBmaWxsLW9wYWNpdHk9Ii4xIiBmaWxsPSIjMDAwIiBjeD0iMjQ5IiBjeT0iMTcyIiByPSIxMDAiLz4KICAgIDwvZz4KPC9zdmc+Cg==&#8221; portrait_width=&#8221;1px&#8221; portrait_height=&#8221;1px&#8221; _builder_version=&#8221;4.23&#8243; _module_preset=&#8221;default&#8221; body_font=&#8221;Noto Serif||||||||&#8221; body_font_size=&#8221;15px&#8221; body_line_height=&#8221;1.2em&#8221; author_line_height=&#8221;1.2em&#8221; position_font_size=&#8221;12px&#8221; position_line_height=&#8221;1.2em&#8221; custom_padding=&#8221;26px|||||&#8221; global_colors_info=&#8221;{}&#8221;]<\/p>\n<p>Ik steun het burgerinitiatief voor het kunstwerk &#8220;De Dirigent&#8221; in Kerkrade van harte. De naam Kerkrade doet mij direct denken aan muziek, vooral aan het Wereld Muziek Concours (WMC), dat een belangrijke rol speelde in mijn loopbaan. Al tijdens mijn studententijd was ik vaak in de Rodahal te vinden. Mijn passie voor blaasmuziek bracht mij daar naar de finale van het dirigentenconcours en later mocht ik er zelf dirigeren tijdens de wedstrijden. Als uitgever presenteerde ik mijn nieuwste werken op het WMC, en als componist werden veel van mijn composities daar uitgevoerd, vaak ook als verplicht werk. Bovendien heb ik meerdere keren als jurylid gefungeerd op dit prestigieuze internationale muziekevenement. WMC is h\u00e9t wereldpodium voor blaasmuziek. Geen enkele stad zou een betere locatie zijn voor het levende kunstwerk &#8220;De Dirigent&#8221; dan Kerkrade. Ik wens de initiatiefnemers en de &#8220;Stichting Burgerinitiatief Kunstwerk De Dirigent&#8221; veel succes met de realisatie.<\/p>\n<p>[\/et_pb_testimonial][et_pb_testimonial author=&#8221;Tijmen Botma&#8221; job_title=&#8221;Professor Conducting \u201cPrins Claus Conservatory\u201d  Groningen&#8221; portrait_url=&#8221;data:image\/svg+xml;base64,PHN2ZyB3aWR0aD0iNTAwIiBoZWlnaHQ9IjUwMCIgdmlld0JveD0iMCAwIDUwMCA1MDAiIHhtbG5zPSJodHRwOi8vd3d3LnczLm9yZy8yMDAwL3N2ZyI+CiAgICA8ZyBmaWxsPSJub25lIiBmaWxsLXJ1bGU9ImV2ZW5vZGQiPgogICAgICAgIDxwYXRoIGZpbGw9IiNFQkVCRUIiIGQ9Ik0wIDBoNTAwdjUwMEgweiIvPgogICAgICAgIDxyZWN0IGZpbGwtb3BhY2l0eT0iLjEiIGZpbGw9IiMwMDAiIHg9IjY4IiB5PSIzMDUiIHdpZHRoPSIzNjQiIGhlaWdodD0iNTY4IiByeD0iMTgyIi8+CiAgICAgICAgPGNpcmNsZSBmaWxsLW9wYWNpdHk9Ii4xIiBmaWxsPSIjMDAwIiBjeD0iMjQ5IiBjeT0iMTcyIiByPSIxMDAiLz4KICAgIDwvZz4KPC9zdmc+Cg==&#8221; portrait_width=&#8221;1px&#8221; portrait_height=&#8221;1px&#8221; _builder_version=&#8221;4.23&#8243; _module_preset=&#8221;default&#8221; body_font=&#8221;Noto Serif||||||||&#8221; body_font_size=&#8221;15px&#8221; body_line_height=&#8221;1.2em&#8221; author_font=&#8221;Noto Serif|700|||||||&#8221; author_line_height=&#8221;1.2em&#8221; position_font=&#8221;Noto Serif||||||||&#8221; position_font_size=&#8221;12px&#8221; position_line_height=&#8221;-1.7em&#8221; global_colors_info=&#8221;{}&#8221;]<\/p>\n<p>Het kunstwerk &#8220;de Dirigent&#8221; klinkt als een interessant en bijzonder project. Het feit dat het kunstwerk reageert op de energiestromen van zonne- en windenergie en de bewegingen van de stalen elementen be\u00efnvloedt, maakt het extra boeiend. Het is mooi om te zien dat er een burgerinitiatief is dat zich inzet voor de realisatie van dit kunstwerk en dat het een eerbetoon is aan de transitiekracht van de mens. Het lijkt me dat dit kunstwerk niet alleen een visuele, maar ook een auditieve ervaring biedt voor degenen die het bezoeken. Ik ben benieuwd naar de verdere ontwikkelingen van dit project en hoop dat het binnenkort gerealiseerd kan worden.<\/p>\n<p>Het kunstwerk &#8220;de Dirigent&#8221; symboliseert de transitiekracht van de mens in de energietransitie naar zonne- en windenergie. Een dirigent heeft geen directe invloed op deze transitie, maar het kunstwerk gebruikt de bewegingen van de stalen elementen en de geluiden die worden geproduceerd door de energiestromen van zon en wind om de kracht van de transitie te visualiseren. Het kunstwerk laat zien hoe deze nieuwe vormen van energie de beweging en muziek van het kunstwerk be\u00efnvloeden en daarmee de veranderingen in onze samenleving weerspiegelen. Het kunstwerk &#8220;de Dirigent&#8221; is dus een eerbetoon aan de transitiekracht van de mens in de energietransitie naar duurzame energiebronnen en laat zien hoe deze veranderingen ons dagelijks leven be\u00efnvloeden.<\/p>\n<p>[\/et_pb_testimonial][et_pb_testimonial author=&#8221;Jo Spaubeck&#8221; job_title=&#8221;Oud bestuurder WMC en Orlando-festival, voorzitter Kon. Harmonie St Philomena Chevremont, bestuurder Phoenix groep Roda Kerkrade, coach Zuyd-IB, hoogleraar TH Cologne en lid UNESCO-chair duurzaamheid.&#8221; portrait_url=&#8221;data:image\/svg+xml;base64,PHN2ZyB3aWR0aD0iNTAwIiBoZWlnaHQ9IjUwMCIgdmlld0JveD0iMCAwIDUwMCA1MDAiIHhtbG5zPSJodHRwOi8vd3d3LnczLm9yZy8yMDAwL3N2ZyI+CiAgICA8ZyBmaWxsPSJub25lIiBmaWxsLXJ1bGU9ImV2ZW5vZGQiPgogICAgICAgIDxwYXRoIGZpbGw9IiNFQkVCRUIiIGQ9Ik0wIDBoNTAwdjUwMEgweiIvPgogICAgICAgIDxyZWN0IGZpbGwtb3BhY2l0eT0iLjEiIGZpbGw9IiMwMDAiIHg9IjY4IiB5PSIzMDUiIHdpZHRoPSIzNjQiIGhlaWdodD0iNTY4IiByeD0iMTgyIi8+CiAgICAgICAgPGNpcmNsZSBmaWxsLW9wYWNpdHk9Ii4xIiBmaWxsPSIjMDAwIiBjeD0iMjQ5IiBjeT0iMTcyIiByPSIxMDAiLz4KICAgIDwvZz4KPC9zdmc+Cg==&#8221; portrait_width=&#8221;1px&#8221; portrait_height=&#8221;1px&#8221; _builder_version=&#8221;4.23&#8243; _module_preset=&#8221;default&#8221; body_font=&#8221;Noto Serif||||||||&#8221; body_font_size=&#8221;15px&#8221; body_line_height=&#8221;1.2em&#8221; author_font=&#8221;Noto Serif|700|||||||&#8221; author_line_height=&#8221;1.2em&#8221; position_font=&#8221;Noto Serif||||||||&#8221; position_font_size=&#8221;12px&#8221; position_line_height=&#8221;-1.7em&#8221; global_colors_info=&#8221;{}&#8221;]<\/p>\n<p>&#8220;Music heals the World. Een team dat zich inzet voor de realisatie van hun krachtige missie binnen een inspirerende visie. Wat een kunstwerk! De transitie naar duurzaamheid middels de kracht van de natuur. Om te healen; The World meets in music! Denkend aan het WMC, kan dit kunstwerk maar \u00e9\u00e9n plek krijgen: Kerkrade, het Wimbledon van de blaasmuziek!&#8221;<span style=\"font-size: 15px;\">.<\/span><\/p>\n<p>[\/et_pb_testimonial][et_pb_testimonial author=&#8221;De Limburgse Bond van Muziekgezelschappen, Limburgse Bond van Tamboergezelschappen en Verbindend Koor Netwerk Limburg&#8221; job_title=&#8221;Stichting Klankkleur Limburg&#8221; portrait_url=&#8221;data:image\/svg+xml;base64,PHN2ZyB3aWR0aD0iNTAwIiBoZWlnaHQ9IjUwMCIgdmlld0JveD0iMCAwIDUwMCA1MDAiIHhtbG5zPSJodHRwOi8vd3d3LnczLm9yZy8yMDAwL3N2ZyI+CiAgICA8ZyBmaWxsPSJub25lIiBmaWxsLXJ1bGU9ImV2ZW5vZGQiPgogICAgICAgIDxwYXRoIGZpbGw9IiNFQkVCRUIiIGQ9Ik0wIDBoNTAwdjUwMEgweiIvPgogICAgICAgIDxyZWN0IGZpbGwtb3BhY2l0eT0iLjEiIGZpbGw9IiMwMDAiIHg9IjY4IiB5PSIzMDUiIHdpZHRoPSIzNjQiIGhlaWdodD0iNTY4IiByeD0iMTgyIi8+CiAgICAgICAgPGNpcmNsZSBmaWxsLW9wYWNpdHk9Ii4xIiBmaWxsPSIjMDAwIiBjeD0iMjQ5IiBjeT0iMTcyIiByPSIxMDAiLz4KICAgIDwvZz4KPC9zdmc+Cg==&#8221; portrait_width=&#8221;0px&#8221; portrait_height=&#8221;0px&#8221; _builder_version=&#8221;4.23&#8243; _module_preset=&#8221;default&#8221; body_font=&#8221;Noto Serif||||||||&#8221; body_font_size=&#8221;15px&#8221; body_line_height=&#8221;1.2em&#8221; author_font=&#8221;Noto Serif|700|||||||&#8221; author_line_height=&#8221;1.2em&#8221; position_font=&#8221;Noto Serif||||||||&#8221; position_font_size=&#8221;12px&#8221; position_line_height=&#8221;1.2em&#8221; company_font_size=&#8221;11px&#8221; company_line_height=&#8221;1.2em&#8221; border_radii_portrait=&#8221;on|0px|0px|0px|0px&#8221; global_colors_info=&#8221;{}&#8221;]<\/p>\n<p>Een prachtig initiatief!<br \/>Waar de energie van de zon kracht geeft aan de muziek, blaast de wind de muziek de ruimte in.<br \/>Waar zon en wind elkaar treffen is het \u201cDe Dirigent\u201d die de energie in het orkest opwekt en de muziek laat klinken.<\/p>\n<p>[\/et_pb_testimonial][et_pb_testimonial author=&#8221;Silvio Erkens&#8221; job_title=&#8221;tweede Kamerlid&#8221; portrait_url=&#8221;data:image\/svg+xml;base64,PHN2ZyB3aWR0aD0iNTAwIiBoZWlnaHQ9IjUwMCIgdmlld0JveD0iMCAwIDUwMCA1MDAiIHhtbG5zPSJodHRwOi8vd3d3LnczLm9yZy8yMDAwL3N2ZyI+CiAgICA8ZyBmaWxsPSJub25lIiBmaWxsLXJ1bGU9ImV2ZW5vZGQiPgogICAgICAgIDxwYXRoIGZpbGw9IiNFQkVCRUIiIGQ9Ik0wIDBoNTAwdjUwMEgweiIvPgogICAgICAgIDxyZWN0IGZpbGwtb3BhY2l0eT0iLjEiIGZpbGw9IiMwMDAiIHg9IjY4IiB5PSIzMDUiIHdpZHRoPSIzNjQiIGhlaWdodD0iNTY4IiByeD0iMTgyIi8+CiAgICAgICAgPGNpcmNsZSBmaWxsLW9wYWNpdHk9Ii4xIiBmaWxsPSIjMDAwIiBjeD0iMjQ5IiBjeT0iMTcyIiByPSIxMDAiLz4KICAgIDwvZz4KPC9zdmc+Cg==&#8221; portrait_width=&#8221;1px&#8221; portrait_height=&#8221;1px&#8221; _builder_version=&#8221;4.22.1&#8243; _module_preset=&#8221;default&#8221; body_font=&#8221;Noto Serif||||||||&#8221; body_font_size=&#8221;15px&#8221; body_line_height=&#8221;1.2em&#8221; author_font=&#8221;Noto Serif|700|||||||&#8221; author_text_align=&#8221;left&#8221; author_line_height=&#8221;1.2em&#8221; position_font_size=&#8221;12px&#8221; position_line_height=&#8221;1.2em&#8221; custom_padding=&#8221;16px||6px|||&#8221; global_colors_info=&#8221;{}&#8221;]<\/p>\n<p>Als er \u00e9\u00e9n regio is die ervaring heeft met de energietransitie dan is het wel de Oostelijke Mijnstreek.<br \/>Dit mooie initiatief symboliseert de ervaring die de Oostelijke Mijnstreek heeft opgedaan en zal daarom ook mensen van buiten onze regio aanspreken.<br \/>Ik zou het mooi vinden als dit soort burgerinitiatieven met energie vanuit de samenleving tot stand komen.<\/p>\n<p>[\/et_pb_testimonial][et_pb_testimonial author=&#8221;Maurice Hinzen&#8221; job_title=&#8221;Stadsdichter Kerkrade&#8221; portrait_url=&#8221;data:image\/svg+xml;base64,PHN2ZyB3aWR0aD0iNTAwIiBoZWlnaHQ9IjUwMCIgdmlld0JveD0iMCAwIDUwMCA1MDAiIHhtbG5zPSJodHRwOi8vd3d3LnczLm9yZy8yMDAwL3N2ZyI+CiAgICA8ZyBmaWxsPSJub25lIiBmaWxsLXJ1bGU9ImV2ZW5vZGQiPgogICAgICAgIDxwYXRoIGZpbGw9IiNFQkVCRUIiIGQ9Ik0wIDBoNTAwdjUwMEgweiIvPgogICAgICAgIDxyZWN0IGZpbGwtb3BhY2l0eT0iLjEiIGZpbGw9IiMwMDAiIHg9IjY4IiB5PSIzMDUiIHdpZHRoPSIzNjQiIGhlaWdodD0iNTY4IiByeD0iMTgyIi8+CiAgICAgICAgPGNpcmNsZSBmaWxsLW9wYWNpdHk9Ii4xIiBmaWxsPSIjMDAwIiBjeD0iMjQ5IiBjeT0iMTcyIiByPSIxMDAiLz4KICAgIDwvZz4KPC9zdmc+Cg==&#8221; portrait_width=&#8221;1px&#8221; portrait_height=&#8221;1px&#8221; _builder_version=&#8221;4.22.1&#8243; _module_preset=&#8221;default&#8221; body_font=&#8221;Noto Serif||||||||&#8221; body_font_size=&#8221;15px&#8221; body_line_height=&#8221;1.2em&#8221; author_font=&#8221;Noto Serif|700|||||||&#8221; author_text_align=&#8221;left&#8221; author_line_height=&#8221;1.2em&#8221; position_font_size=&#8221;12px&#8221; position_line_height=&#8221;1.2em&#8221; custom_padding=&#8221;16px||6px|||&#8221; global_colors_info=&#8221;{}&#8221;]<\/p>\n<p>H\u00e4usj klinkt e sjtreufje sjtroof<br \/>Went de natoer van ziech lie\u00ebt hure<br \/>En d\u2019r dieriejent wakker maat<br \/>Durch \u2019t zonnejood tse verdele<br \/>Uvver noe\u00ebte van verb\u00f3ngeheet<\/p>\n<p>[\/et_pb_testimonial][et_pb_testimonial author=&#8221;Pierre Rietrae&#8221; job_title=&#8221;voormalig directeur muziekschool Kerkrade, Landgraaf, Brunssum en Simpelveld&#8221; portrait_url=&#8221;data:image\/svg+xml;base64,PHN2ZyB3aWR0aD0iNTAwIiBoZWlnaHQ9IjUwMCIgdmlld0JveD0iMCAwIDUwMCA1MDAiIHhtbG5zPSJodHRwOi8vd3d3LnczLm9yZy8yMDAwL3N2ZyI+CiAgICA8ZyBmaWxsPSJub25lIiBmaWxsLXJ1bGU9ImV2ZW5vZGQiPgogICAgICAgIDxwYXRoIGZpbGw9IiNFQkVCRUIiIGQ9Ik0wIDBoNTAwdjUwMEgweiIvPgogICAgICAgIDxyZWN0IGZpbGwtb3BhY2l0eT0iLjEiIGZpbGw9IiMwMDAiIHg9IjY4IiB5PSIzMDUiIHdpZHRoPSIzNjQiIGhlaWdodD0iNTY4IiByeD0iMTgyIi8+CiAgICAgICAgPGNpcmNsZSBmaWxsLW9wYWNpdHk9Ii4xIiBmaWxsPSIjMDAwIiBjeD0iMjQ5IiBjeT0iMTcyIiByPSIxMDAiLz4KICAgIDwvZz4KPC9zdmc+Cg==&#8221; portrait_width=&#8221;1px&#8221; portrait_height=&#8221;1px&#8221; _builder_version=&#8221;4.27.0&#8243; _module_preset=&#8221;default&#8221; body_font=&#8221;Noto Serif||||||||&#8221; body_font_size=&#8221;15px&#8221; body_line_height=&#8221;1.2em&#8221; author_font=&#8221;Noto Serif|700|||||||&#8221; position_font=&#8221;Noto Serif||||||||&#8221; position_font_size=&#8221;12px&#8221; position_line_height=&#8221;1.2em&#8221; global_colors_info=&#8221;{}&#8221;]<\/p>\n<p>Kerkrade staat in de hele wereld op de kaart door de amateurmuziek en de spil in samenspel is de dirigent.<br \/>Bijzonder is de uitvoering van dit kunstwerk. Naast het visuele een auditieve ervaring door de speling van de luchtstroom die geluid voort brengt.<\/p>\n<p>Een prachtig initiatief.<\/p>\n<p>[\/et_pb_testimonial][et_pb_testimonial author=&#8221;Lei Heijenrath&#8221; job_title=&#8221;Neerlandicus, dialectkenner&#8221; portrait_url=&#8221;data:image\/svg+xml;base64,PHN2ZyB3aWR0aD0iNTAwIiBoZWlnaHQ9IjUwMCIgdmlld0JveD0iMCAwIDUwMCA1MDAiIHhtbG5zPSJodHRwOi8vd3d3LnczLm9yZy8yMDAwL3N2ZyI+CiAgICA8ZyBmaWxsPSJub25lIiBmaWxsLXJ1bGU9ImV2ZW5vZGQiPgogICAgICAgIDxwYXRoIGZpbGw9IiNFQkVCRUIiIGQ9Ik0wIDBoNTAwdjUwMEgweiIvPgogICAgICAgIDxyZWN0IGZpbGwtb3BhY2l0eT0iLjEiIGZpbGw9IiMwMDAiIHg9IjY4IiB5PSIzMDUiIHdpZHRoPSIzNjQiIGhlaWdodD0iNTY4IiByeD0iMTgyIi8+CiAgICAgICAgPGNpcmNsZSBmaWxsLW9wYWNpdHk9Ii4xIiBmaWxsPSIjMDAwIiBjeD0iMjQ5IiBjeT0iMTcyIiByPSIxMDAiLz4KICAgIDwvZz4KPC9zdmc+Cg==&#8221; portrait_width=&#8221;1px&#8221; portrait_height=&#8221;1px&#8221; _builder_version=&#8221;4.23&#8243; _module_preset=&#8221;default&#8221; body_font=&#8221;Noto Serif||||||||&#8221; body_font_size=&#8221;15px&#8221; body_line_height=&#8221;1.2em&#8221; author_font=&#8221;Noto Serif|700|||||||&#8221; author_line_height=&#8221;1.6em&#8221; position_font_size=&#8221;12px&#8221; position_line_height=&#8221;1.2em&#8221; global_colors_info=&#8221;{}&#8221;]<\/p>\n<p>Culturele identiteit krijgt vorm in taal\/dialect, muziek en beeldende kunst.<br \/>Daar waar een of meer hiervan tot uitdrukking worden gebracht \u2013 zeker als ze geworteld zijn in lokale omstandigheden \u2013 betekenen ze een verrijking van de leefomgeving.<br \/>Succes met de realisering.<\/p>\n<p>[\/et_pb_testimonial][et_pb_testimonial author=&#8221;Peter Weinstock&#8221; job_title=&#8221;Oud directeur Muziekschool Heerlen, Charles Hennen Concours en IBE en DB-lid EMCY. Culturele duizendpoot in Heerlen&#8221; portrait_url=&#8221;data:image\/svg+xml;base64,PHN2ZyB3aWR0aD0iNTAwIiBoZWlnaHQ9IjUwMCIgdmlld0JveD0iMCAwIDUwMCA1MDAiIHhtbG5zPSJodHRwOi8vd3d3LnczLm9yZy8yMDAwL3N2ZyI+CiAgICA8ZyBmaWxsPSJub25lIiBmaWxsLXJ1bGU9ImV2ZW5vZGQiPgogICAgICAgIDxwYXRoIGZpbGw9IiNFQkVCRUIiIGQ9Ik0wIDBoNTAwdjUwMEgweiIvPgogICAgICAgIDxyZWN0IGZpbGwtb3BhY2l0eT0iLjEiIGZpbGw9IiMwMDAiIHg9IjY4IiB5PSIzMDUiIHdpZHRoPSIzNjQiIGhlaWdodD0iNTY4IiByeD0iMTgyIi8+CiAgICAgICAgPGNpcmNsZSBmaWxsLW9wYWNpdHk9Ii4xIiBmaWxsPSIjMDAwIiBjeD0iMjQ5IiBjeT0iMTcyIiByPSIxMDAiLz4KICAgIDwvZz4KPC9zdmc+Cg==&#8221; portrait_width=&#8221;1px&#8221; portrait_height=&#8221;1px&#8221; _builder_version=&#8221;4.23&#8243; _module_preset=&#8221;default&#8221; body_font=&#8221;Noto Serif||||||||&#8221; body_font_size=&#8221;15px&#8221; body_line_height=&#8221;1.6em&#8221; border_radii_portrait=&#8221;on|0px|0px|0px|0px&#8221; global_colors_info=&#8221;{}&#8221;]<\/p>\n<p>Kunstwerk \u201cde Dirigent\u201d<\/p>\n<p>Gemeente Kerkrade, een gemeente met een groot hart voor Cultuur. De gemeente draagt al vele jaren het wereld evenement WMC op handen!<br \/>Een nu krijgt de gemeente Kerkrade de kans een uniek kunstwerk mede te realiseren.<\/p>\n<p>Voor het allereerst worden de nieuwe energiebronnen Zon en Wind op een uiterst kunstzinnige wijze verbonden en brengen samen een ongekende muzikale ervaring tot leven.<\/p>\n<p>Met een ode aan de harmonie- en fanfare traditie verbindt dit vernieuwend kunstobject het WMC met de toekomst en geeft Klankstad Kerkrade, de Parkstad en Provincie Limburg een ereplaats met de kunstzinnig benutting van de vernieuwende energie-elementen.<\/p>\n<p>Gaarne zou ik ook de nieuwe energie- bedrijven en -onderzoeksinstellingen die Limburg rijk is gaarne uitnodigen mede \u201ceigenaar\u201d te worden van dit kunstwerk.<\/p>\n<p>Gemeente Kerkrade neem de kans en draag niet alleen het WMC maar steek de handen uit de mouwen om dit vernieuwend kunstwerk \u201cde Dirigent\u201d te realiseren.<\/p>\n<p>[\/et_pb_testimonial][et_pb_testimonial author=&#8221;Bond van Orkestdirigenten en Instructeurs&#8221; portrait_url=&#8221;data:image\/svg+xml;base64,PHN2ZyB3aWR0aD0iNTAwIiBoZWlnaHQ9IjUwMCIgdmlld0JveD0iMCAwIDUwMCA1MDAiIHhtbG5zPSJodHRwOi8vd3d3LnczLm9yZy8yMDAwL3N2ZyI+CiAgICA8ZyBmaWxsPSJub25lIiBmaWxsLXJ1bGU9ImV2ZW5vZGQiPgogICAgICAgIDxwYXRoIGZpbGw9IiNFQkVCRUIiIGQ9Ik0wIDBoNTAwdjUwMEgweiIvPgogICAgICAgIDxyZWN0IGZpbGwtb3BhY2l0eT0iLjEiIGZpbGw9IiMwMDAiIHg9IjY4IiB5PSIzMDUiIHdpZHRoPSIzNjQiIGhlaWdodD0iNTY4IiByeD0iMTgyIi8+CiAgICAgICAgPGNpcmNsZSBmaWxsLW9wYWNpdHk9Ii4xIiBmaWxsPSIjMDAwIiBjeD0iMjQ5IiBjeT0iMTcyIiByPSIxMDAiLz4KICAgIDwvZz4KPC9zdmc+Cg==&#8221; portrait_width=&#8221;1px&#8221; portrait_height=&#8221;1px&#8221; _builder_version=&#8221;4.23&#8243; _module_preset=&#8221;default&#8221; body_font=&#8221;Noto Serif||||||||&#8221; body_font_size=&#8221;15px&#8221; body_line_height=&#8221;1.2em&#8221; author_font=&#8221;Noto Serif|700|||||||&#8221; author_line_height=&#8221;1.6em&#8221; global_colors_info=&#8221;{}&#8221;]<\/p>\n<p>Met het kunstwerk &#8216;De Dirigent&#8217; moet Kerkrade over een paar jaar een bijzonder beeld rijker zijn.<\/p>\n<p>[\/et_pb_testimonial][et_pb_testimonial author=&#8221;Wim Heijmans&#8221; job_title=&#8221;stadsdichter van Kerkrade&#8221; portrait_url=&#8221;data:image\/svg+xml;base64,PHN2ZyB3aWR0aD0iNTAwIiBoZWlnaHQ9IjUwMCIgdmlld0JveD0iMCAwIDUwMCA1MDAiIHhtbG5zPSJodHRwOi8vd3d3LnczLm9yZy8yMDAwL3N2ZyI+CiAgICA8ZyBmaWxsPSJub25lIiBmaWxsLXJ1bGU9ImV2ZW5vZGQiPgogICAgICAgIDxwYXRoIGZpbGw9IiNFQkVCRUIiIGQ9Ik0wIDBoNTAwdjUwMEgweiIvPgogICAgICAgIDxyZWN0IGZpbGwtb3BhY2l0eT0iLjEiIGZpbGw9IiMwMDAiIHg9IjY4IiB5PSIzMDUiIHdpZHRoPSIzNjQiIGhlaWdodD0iNTY4IiByeD0iMTgyIi8+CiAgICAgICAgPGNpcmNsZSBmaWxsLW9wYWNpdHk9Ii4xIiBmaWxsPSIjMDAwIiBjeD0iMjQ5IiBjeT0iMTcyIiByPSIxMDAiLz4KICAgIDwvZz4KPC9zdmc+Cg==&#8221; portrait_width=&#8221;1px&#8221; portrait_height=&#8221;0px&#8221; _builder_version=&#8221;4.23&#8243; _module_preset=&#8221;default&#8221; body_font=&#8221;Noto Serif||||||||&#8221; body_font_size=&#8221;15px&#8221; body_line_height=&#8221;1.2em&#8221; author_font=&#8221;Noto Serif|700|||||||&#8221; author_line_height=&#8221;1.2em&#8221; position_font=&#8221;Noto Serif||||||||&#8221; position_font_size=&#8221;12px&#8221; position_line_height=&#8221;1.2em&#8221; min_height=&#8221;180px&#8221; custom_padding=&#8221;6px||0px|||&#8221; global_colors_info=&#8221;{}&#8221;]<\/p>\n<p style=\"margin-bottom: 12.0pt;\"><span style=\"font-size: 12.0pt; font-family: 'Arial',sans-serif;\">In d\u2019r oam van d\u2019r wink\u00a0 klinke moeziektuen<br \/>umerme lu van os bis wes<br \/>va zude bis norde<br \/>sjenke inne ie\u00ebwieje tsieter vuur inne zonnedans<br \/>va diech en miech <\/span><o:p><\/o:p><\/p>\n<p>[\/et_pb_testimonial][et_pb_testimonial author=&#8221;Huub Wiermans&#8221; job_title=&#8221;voormalig wethouder&#8221; portrait_url=&#8221;data:image\/svg+xml;base64,PHN2ZyB3aWR0aD0iNTAwIiBoZWlnaHQ9IjUwMCIgdmlld0JveD0iMCAwIDUwMCA1MDAiIHhtbG5zPSJodHRwOi8vd3d3LnczLm9yZy8yMDAwL3N2ZyI+CiAgICA8ZyBmaWxsPSJub25lIiBmaWxsLXJ1bGU9ImV2ZW5vZGQiPgogICAgICAgIDxwYXRoIGZpbGw9IiNFQkVCRUIiIGQ9Ik0wIDBoNTAwdjUwMEgweiIvPgogICAgICAgIDxyZWN0IGZpbGwtb3BhY2l0eT0iLjEiIGZpbGw9IiMwMDAiIHg9IjY4IiB5PSIzMDUiIHdpZHRoPSIzNjQiIGhlaWdodD0iNTY4IiByeD0iMTgyIi8+CiAgICAgICAgPGNpcmNsZSBmaWxsLW9wYWNpdHk9Ii4xIiBmaWxsPSIjMDAwIiBjeD0iMjQ5IiBjeT0iMTcyIiByPSIxMDAiLz4KICAgIDwvZz4KPC9zdmc+Cg==&#8221; portrait_width=&#8221;1px&#8221; portrait_height=&#8221;1px&#8221; _builder_version=&#8221;4.23&#8243; _module_preset=&#8221;default&#8221; body_font=&#8221;Noto Serif||||||||&#8221; body_font_size=&#8221;15px&#8221; body_line_height=&#8221;1.2em&#8221; author_font=&#8221;Noto Serif|700|||||||&#8221; author_line_height=&#8221;1.2em&#8221; position_font=&#8221;Noto Serif||||||||&#8221; position_font_size=&#8221;12px&#8221; position_line_height=&#8221;1.2em&#8221; custom_padding=&#8221;15px||2px||false|false&#8221; global_colors_info=&#8221;{}&#8221;]<\/p>\n<p>Als oud-wethouder van de gemeente Kerkrade was ik indertijd meteen enthousiast over het initiatief \u201cde Dirigent\u201d.<br \/>Het windzeil en de schaal symboliseren en enthousiasmeren de weg naar een nieuwe toekomst.<br \/>Ik hoop dat velen ge\u00efnspireerd zullen raken door dit prachtige initiatief.<\/p>\n<p>[\/et_pb_testimonial][et_pb_testimonial author=&#8221;Stijn Waterval&#8221; company_name=&#8221;Parkstad Limburg Theaters&#8221; portrait_url=&#8221;data:image\/svg+xml;base64,PHN2ZyB3aWR0aD0iNTAwIiBoZWlnaHQ9IjUwMCIgdmlld0JveD0iMCAwIDUwMCA1MDAiIHhtbG5zPSJodHRwOi8vd3d3LnczLm9yZy8yMDAwL3N2ZyI+CiAgICA8ZyBmaWxsPSJub25lIiBmaWxsLXJ1bGU9ImV2ZW5vZGQiPgogICAgICAgIDxwYXRoIGZpbGw9IiNFQkVCRUIiIGQ9Ik0wIDBoNTAwdjUwMEgweiIvPgogICAgICAgIDxyZWN0IGZpbGwtb3BhY2l0eT0iLjEiIGZpbGw9IiMwMDAiIHg9IjY4IiB5PSIzMDUiIHdpZHRoPSIzNjQiIGhlaWdodD0iNTY4IiByeD0iMTgyIi8+CiAgICAgICAgPGNpcmNsZSBmaWxsLW9wYWNpdHk9Ii4xIiBmaWxsPSIjMDAwIiBjeD0iMjQ5IiBjeT0iMTcyIiByPSIxMDAiLz4KICAgIDwvZz4KPC9zdmc+Cg==&#8221; portrait_width=&#8221;0px&#8221; portrait_height=&#8221;0px&#8221; _builder_version=&#8221;4.23&#8243; _module_preset=&#8221;default&#8221; body_font=&#8221;Noto Serif||||||||&#8221; body_font_size=&#8221;15px&#8221; body_line_height=&#8221;1.2em&#8221; author_font=&#8221;Noto Serif|700|||||||&#8221; author_line_height=&#8221;1.2em&#8221; company_font=&#8221;Noto Serif||||||||&#8221; company_font_size=&#8221;12px&#8221; company_line_height=&#8221;1.2em&#8221; border_radii_portrait=&#8221;on|0px|0px|0px|0px&#8221; global_colors_info=&#8221;{}&#8221;]<\/p>\n<p>Het concept van het kunstwerk, dat reageert op de natuurlijke elementen van zon en wind, en de verbinding met blaasmuziek als symbool voor de gemeenschap, is zowel innovatief als betekenisvol.<\/p>\n<p>Wij zijn vereerd en enthousiast om als ambassadeur bij te dragen aan het succes van dit bijzondere Gesamtkunstwerk &#8220;De Dirigent&#8221;.<\/p>\n<p>Wij erkennen de waarde van kunst als middel om maatschappelijke verandering en reflectie te stimuleren. Het streven naar een gemeentegrenzen overschrijdend monument dat het verhaal van de regio vertelt, is iets waar wij ons graag achter scharen.<\/p>\n<p>[\/et_pb_testimonial][et_pb_testimonial author=&#8221;Jack Vinders&#8221; job_title=&#8221;zanger\/entertainer&#8221; portrait_url=&#8221;data:image\/svg+xml;base64,PHN2ZyB3aWR0aD0iNTAwIiBoZWlnaHQ9IjUwMCIgdmlld0JveD0iMCAwIDUwMCA1MDAiIHhtbG5zPSJodHRwOi8vd3d3LnczLm9yZy8yMDAwL3N2ZyI+CiAgICA8ZyBmaWxsPSJub25lIiBmaWxsLXJ1bGU9ImV2ZW5vZGQiPgogICAgICAgIDxwYXRoIGZpbGw9IiNFQkVCRUIiIGQ9Ik0wIDBoNTAwdjUwMEgweiIvPgogICAgICAgIDxyZWN0IGZpbGwtb3BhY2l0eT0iLjEiIGZpbGw9IiMwMDAiIHg9IjY4IiB5PSIzMDUiIHdpZHRoPSIzNjQiIGhlaWdodD0iNTY4IiByeD0iMTgyIi8+CiAgICAgICAgPGNpcmNsZSBmaWxsLW9wYWNpdHk9Ii4xIiBmaWxsPSIjMDAwIiBjeD0iMjQ5IiBjeT0iMTcyIiByPSIxMDAiLz4KICAgIDwvZz4KPC9zdmc+Cg==&#8221; portrait_width=&#8221;1px&#8221; portrait_height=&#8221;1px&#8221; _builder_version=&#8221;4.22.1&#8243; _module_preset=&#8221;default&#8221; body_font=&#8221;Noto Serif||||||||&#8221; body_font_size=&#8221;15px&#8221; body_line_height=&#8221;1.2em&#8221; author_font=&#8221;Noto Serif|700|||||||&#8221; author_line_height=&#8221;1.2em&#8221; position_font=&#8221;Noto Serif||||||||&#8221; position_font_size=&#8221;12px&#8221; position_line_height=&#8221;1.2em&#8221; custom_padding=&#8221;7px||6px|||&#8221; global_colors_info=&#8221;{}&#8221;]<\/p>\n<p>&#8220;Een mooi initiatief, bijzonder<br \/>waarin heden en verleden, de mijn en muziek samenkomen<br \/>klanken in zon en wind&#8221;<\/p>\n<p>[\/et_pb_testimonial][et_pb_testimonial author=&#8221;Jos Som&#8221; job_title=&#8221;voormalig burgemeester&#8221; portrait_url=&#8221;data:image\/svg+xml;base64,PHN2ZyB3aWR0aD0iNTAwIiBoZWlnaHQ9IjUwMCIgdmlld0JveD0iMCAwIDUwMCA1MDAiIHhtbG5zPSJodHRwOi8vd3d3LnczLm9yZy8yMDAwL3N2ZyI+CiAgICA8ZyBmaWxsPSJub25lIiBmaWxsLXJ1bGU9ImV2ZW5vZGQiPgogICAgICAgIDxwYXRoIGZpbGw9IiNFQkVCRUIiIGQ9Ik0wIDBoNTAwdjUwMEgweiIvPgogICAgICAgIDxyZWN0IGZpbGwtb3BhY2l0eT0iLjEiIGZpbGw9IiMwMDAiIHg9IjY4IiB5PSIzMDUiIHdpZHRoPSIzNjQiIGhlaWdodD0iNTY4IiByeD0iMTgyIi8+CiAgICAgICAgPGNpcmNsZSBmaWxsLW9wYWNpdHk9Ii4xIiBmaWxsPSIjMDAwIiBjeD0iMjQ5IiBjeT0iMTcyIiByPSIxMDAiLz4KICAgIDwvZz4KPC9zdmc+Cg==&#8221; portrait_width=&#8221;1px&#8221; portrait_height=&#8221;1px&#8221; _builder_version=&#8221;4.23&#8243; _module_preset=&#8221;default&#8221; body_font=&#8221;Noto Serif||||||||&#8221; body_font_size=&#8221;15px&#8221; body_line_height=&#8221;1.2em&#8221; author_font=&#8221;Noto Serif|700|||||||&#8221; author_line_height=&#8221;1.2em&#8221; position_font_size=&#8221;12px&#8221; position_line_height=&#8221;1.1em&#8221; custom_padding=&#8221;15px||8px||false|false&#8221; global_colors_info=&#8221;{}&#8221;]<\/p>\n<p>&#8220;Een prachtig initiatief waar alles inzit. \u2018Een energietransitie\u2019 die ons allen aangaat.<br \/>Mooi ontwerp van Hub Pasmans en Hardy Mertens mag daarbij niet ontbreken.<br \/>Het kunstwerk is een welkome aanvulling op de vele beelden met een verhaal in onze stad.<br \/>Vooral echter een bezinning waar we vandaan komen en naar toe gaan.<br \/>Alles had niet mooier kunnen worden uitgebeeld!<br \/>Met vaste hand worden \u2018gedirigeerd \u2018naar de toekomst.&#8221;<\/p>\n<p>[\/et_pb_testimonial][et_pb_testimonial author=&#8221;Hans Gubbels&#8221; job_title=&#8221;directeur Discovery Museum&#8221; portrait_url=&#8221;data:image\/svg+xml;base64,PHN2ZyB3aWR0aD0iNTAwIiBoZWlnaHQ9IjUwMCIgdmlld0JveD0iMCAwIDUwMCA1MDAiIHhtbG5zPSJodHRwOi8vd3d3LnczLm9yZy8yMDAwL3N2ZyI+CiAgICA8ZyBmaWxsPSJub25lIiBmaWxsLXJ1bGU9ImV2ZW5vZGQiPgogICAgICAgIDxwYXRoIGZpbGw9IiNFQkVCRUIiIGQ9Ik0wIDBoNTAwdjUwMEgweiIvPgogICAgICAgIDxyZWN0IGZpbGwtb3BhY2l0eT0iLjEiIGZpbGw9IiMwMDAiIHg9IjY4IiB5PSIzMDUiIHdpZHRoPSIzNjQiIGhlaWdodD0iNTY4IiByeD0iMTgyIi8+CiAgICAgICAgPGNpcmNsZSBmaWxsLW9wYWNpdHk9Ii4xIiBmaWxsPSIjMDAwIiBjeD0iMjQ5IiBjeT0iMTcyIiByPSIxMDAiLz4KICAgIDwvZz4KPC9zdmc+Cg==&#8221; portrait_width=&#8221;1px&#8221; portrait_height=&#8221;1px&#8221; _builder_version=&#8221;4.23&#8243; _module_preset=&#8221;default&#8221; body_font=&#8221;Noto Serif||||||||&#8221; body_font_size=&#8221;15px&#8221; body_line_height=&#8221;1.2em&#8221; author_font=&#8221;Noto Serif|700|||||||&#8221; author_line_height=&#8221;1.2em&#8221; position_font=&#8221;Noto Serif||||||||&#8221; position_font_size=&#8221;12px&#8221; position_line_height=&#8221;1.2em&#8221; custom_padding=&#8221;15px||7px||false|false&#8221; global_colors_info=&#8221;{}&#8221;]<\/p>\n<p>Discovery museum zet zich in voor een betere wereld en stimuleert met haar activiteiten zorg voor onze aarde.<br \/>Het kunstwerk &#8220;de Dirigent&#8221; symboliseert de noodzakelijke transitie in duurzaamheid die wij met zijn allen moeten omarmen en verbindt met de stad die muziek ademt.<br \/>Discovery museum en &#8220;de Dirigent&#8221;, met respect voor historie naar het nieuwe denken van Kerkrade.<\/p>\n<p>[\/et_pb_testimonial][et_pb_testimonial author=&#8221;Hans Bosch&#8221; job_title=&#8221;bestuurder WMC\/voormalig wethouder&#8221; portrait_url=&#8221;data:image\/svg+xml;base64,PHN2ZyB3aWR0aD0iNTAwIiBoZWlnaHQ9IjUwMCIgdmlld0JveD0iMCAwIDUwMCA1MDAiIHhtbG5zPSJodHRwOi8vd3d3LnczLm9yZy8yMDAwL3N2ZyI+CiAgICA8ZyBmaWxsPSJub25lIiBmaWxsLXJ1bGU9ImV2ZW5vZGQiPgogICAgICAgIDxwYXRoIGZpbGw9IiNFQkVCRUIiIGQ9Ik0wIDBoNTAwdjUwMEgweiIvPgogICAgICAgIDxyZWN0IGZpbGwtb3BhY2l0eT0iLjEiIGZpbGw9IiMwMDAiIHg9IjY4IiB5PSIzMDUiIHdpZHRoPSIzNjQiIGhlaWdodD0iNTY4IiByeD0iMTgyIi8+CiAgICAgICAgPGNpcmNsZSBmaWxsLW9wYWNpdHk9Ii4xIiBmaWxsPSIjMDAwIiBjeD0iMjQ5IiBjeT0iMTcyIiByPSIxMDAiLz4KICAgIDwvZz4KPC9zdmc+Cg==&#8221; portrait_width=&#8221;1px&#8221; portrait_height=&#8221;1px&#8221; _builder_version=&#8221;4.23&#8243; _module_preset=&#8221;default&#8221; body_font=&#8221;Noto Serif||||||||&#8221; body_font_size=&#8221;15px&#8221; body_line_height=&#8221;1.2em&#8221; author_font=&#8221;Noto Serif|700|||||||&#8221; author_line_height=&#8221;1.2em&#8221; position_font=&#8221;Noto Serif||||||||&#8221; position_font_size=&#8221;12px&#8221; custom_padding=&#8221;15px||4px||false|false&#8221; global_colors_info=&#8221;{}&#8221;]<\/p>\n<p>ZON EN WIND bepalen weer en bestaan voor alle mensen, overal. Ook in Kerkrade, waar mijnbouw en muziek energie aan de samenleving gaven.<br \/>En waar muziek in de toekomst zit.<\/p>\n<p>[\/et_pb_testimonial][et_pb_testimonial author=&#8221;Vivian Lataster&#8221; job_title=&#8221;founder\/voorzitter Bruis&#8221; portrait_url=&#8221;data:image\/svg+xml;base64,PHN2ZyB3aWR0aD0iNTAwIiBoZWlnaHQ9IjUwMCIgdmlld0JveD0iMCAwIDUwMCA1MDAiIHhtbG5zPSJodHRwOi8vd3d3LnczLm9yZy8yMDAwL3N2ZyI+CiAgICA8ZyBmaWxsPSJub25lIiBmaWxsLXJ1bGU9ImV2ZW5vZGQiPgogICAgICAgIDxwYXRoIGZpbGw9IiNFQkVCRUIiIGQ9Ik0wIDBoNTAwdjUwMEgweiIvPgogICAgICAgIDxyZWN0IGZpbGwtb3BhY2l0eT0iLjEiIGZpbGw9IiMwMDAiIHg9IjY4IiB5PSIzMDUiIHdpZHRoPSIzNjQiIGhlaWdodD0iNTY4IiByeD0iMTgyIi8+CiAgICAgICAgPGNpcmNsZSBmaWxsLW9wYWNpdHk9Ii4xIiBmaWxsPSIjMDAwIiBjeD0iMjQ5IiBjeT0iMTcyIiByPSIxMDAiLz4KICAgIDwvZz4KPC9zdmc+Cg==&#8221; portrait_width=&#8221;1px&#8221; portrait_height=&#8221;1px&#8221; _builder_version=&#8221;4.23&#8243; _module_preset=&#8221;default&#8221; body_font=&#8221;Noto Serif||||||||&#8221; body_font_size=&#8221;15px&#8221; body_line_height=&#8221;1.2em&#8221; author_font=&#8221;Noto Serif|700|||||||&#8221; author_line_height=&#8221;1.2em&#8221; position_font=&#8221;Noto Serif||||||||&#8221; position_font_size=&#8221;12px&#8221; position_line_height=&#8221;1.2em&#8221; width=&#8221;100%&#8221; custom_padding=&#8221;15px||4px||false|false&#8221; global_colors_info=&#8221;{}&#8221;]<\/p>\n<p>Buitengewone mensen, waaronder de zeer gewaardeerde componist Hardy Mertens en beeldend kunstenaar Hub Pasmans willen hun naam en creativiteit verbinden aan dit kunstwerk dat er mijn inziens zeker moet komen.<\/p>\n<p>Het laat zien dat muziek een belangrijke rol speelt in de Kerkraadse samenleving. Iets dat we meer dan ooit moeten koesteren en uitdragen. Want muziek spreekt geen \u00e9\u00e9n taal, het spreekt de vele talen van ons hart.\u00a0Muziek verbindt zonder te oordelen en beweegt mee op de deining van de tijd, van de samenleving.<\/p>\n<p>Laat het ons vooral blijven verbinden!<em><\/em><\/p>\n<p>[\/et_pb_testimonial][et_pb_testimonial author=&#8221;Toon Peerboom&#8221; job_title=&#8221;Muziekfederatie Kerkrade&#8221; portrait_url=&#8221;data:image\/svg+xml;base64,PHN2ZyB3aWR0aD0iNTAwIiBoZWlnaHQ9IjUwMCIgdmlld0JveD0iMCAwIDUwMCA1MDAiIHhtbG5zPSJodHRwOi8vd3d3LnczLm9yZy8yMDAwL3N2ZyI+CiAgICA8ZyBmaWxsPSJub25lIiBmaWxsLXJ1bGU9ImV2ZW5vZGQiPgogICAgICAgIDxwYXRoIGZpbGw9IiNFQkVCRUIiIGQ9Ik0wIDBoNTAwdjUwMEgweiIvPgogICAgICAgIDxyZWN0IGZpbGwtb3BhY2l0eT0iLjEiIGZpbGw9IiMwMDAiIHg9IjY4IiB5PSIzMDUiIHdpZHRoPSIzNjQiIGhlaWdodD0iNTY4IiByeD0iMTgyIi8+CiAgICAgICAgPGNpcmNsZSBmaWxsLW9wYWNpdHk9Ii4xIiBmaWxsPSIjMDAwIiBjeD0iMjQ5IiBjeT0iMTcyIiByPSIxMDAiLz4KICAgIDwvZz4KPC9zdmc+Cg==&#8221; portrait_width=&#8221;1px&#8221; portrait_height=&#8221;1px&#8221; _builder_version=&#8221;4.23&#8243; _module_preset=&#8221;default&#8221; body_font=&#8221;Noto Serif||||||||&#8221; body_font_size=&#8221;15px&#8221; body_line_height=&#8221;1.2em&#8221; author_font=&#8221;Noto Serif|700|||||||&#8221; author_line_height=&#8221;1.2em&#8221; custom_padding=&#8221;13px||5px|||&#8221; global_colors_info=&#8221;{}&#8221;]<\/p>\n<p>Zon en wind brengen kunst tot leven.<br \/>Natuurlijke energie laat muziek klinken.<br \/>Een innovatief initiatief dat steun verdient!<\/p>\n<p>[\/et_pb_testimonial][et_pb_testimonial author=&#8221;Janine Kitzen&#8221; job_title=&#8221;opera\/musical zangeres&#8221; portrait_url=&#8221;data:image\/svg+xml;base64,PHN2ZyB3aWR0aD0iNTAwIiBoZWlnaHQ9IjUwMCIgdmlld0JveD0iMCAwIDUwMCA1MDAiIHhtbG5zPSJodHRwOi8vd3d3LnczLm9yZy8yMDAwL3N2ZyI+CiAgICA8ZyBmaWxsPSJub25lIiBmaWxsLXJ1bGU9ImV2ZW5vZGQiPgogICAgICAgIDxwYXRoIGZpbGw9IiNFQkVCRUIiIGQ9Ik0wIDBoNTAwdjUwMEgweiIvPgogICAgICAgIDxyZWN0IGZpbGwtb3BhY2l0eT0iLjEiIGZpbGw9IiMwMDAiIHg9IjY4IiB5PSIzMDUiIHdpZHRoPSIzNjQiIGhlaWdodD0iNTY4IiByeD0iMTgyIi8+CiAgICAgICAgPGNpcmNsZSBmaWxsLW9wYWNpdHk9Ii4xIiBmaWxsPSIjMDAwIiBjeD0iMjQ5IiBjeT0iMTcyIiByPSIxMDAiLz4KICAgIDwvZz4KPC9zdmc+Cg==&#8221; portrait_width=&#8221;1px&#8221; portrait_height=&#8221;1px&#8221; _builder_version=&#8221;4.23&#8243; _module_preset=&#8221;default&#8221; body_font=&#8221;Noto Serif||||||||&#8221; body_font_size=&#8221;15px&#8221; body_line_height=&#8221;1.2em&#8221; author_font=&#8221;Noto Serif|700|||||||&#8221; author_line_height=&#8221;1.2em&#8221; position_font=&#8221;Noto Serif||||||||&#8221; position_font_size=&#8221;12px&#8221; position_line_height=&#8221;1.2em&#8221; min_height=&#8221;188.8px&#8221; custom_padding=&#8221;15px||0px||false|false&#8221; global_colors_info=&#8221;{}&#8221;]<\/p>\n<p>Muziek\u00a0behoeft geen\u00a0beeld. Het spreekt tot ons zonder woorden. De dirigent bepaalt hoe de\u00a0compositie\u00a0klinkt, hij heeft controle.<br \/>Zijn beweeglijkheid\u00a0dient\u00a0de muziek.<br \/>Dit kunstwerk belichaamt de beheersing van de muziek evenzo als de onvoorspelbaarheid van de natuur waarin de energie vrijkomt en het zonlicht stroomt.<br \/>De mens wil beheersen terwijl de natuur bepaalt.<o:p><\/o:p><\/p>\n<p>[\/et_pb_testimonial][et_pb_testimonial author=&#8221;John Gubbels&#8221; job_title=&#8221;directeur SMK muziek &#038;dans &#8221; portrait_url=&#8221;data:image\/svg+xml;base64,PHN2ZyB3aWR0aD0iNTAwIiBoZWlnaHQ9IjUwMCIgdmlld0JveD0iMCAwIDUwMCA1MDAiIHhtbG5zPSJodHRwOi8vd3d3LnczLm9yZy8yMDAwL3N2ZyI+CiAgICA8ZyBmaWxsPSJub25lIiBmaWxsLXJ1bGU9ImV2ZW5vZGQiPgogICAgICAgIDxwYXRoIGZpbGw9IiNFQkVCRUIiIGQ9Ik0wIDBoNTAwdjUwMEgweiIvPgogICAgICAgIDxyZWN0IGZpbGwtb3BhY2l0eT0iLjEiIGZpbGw9IiMwMDAiIHg9IjY4IiB5PSIzMDUiIHdpZHRoPSIzNjQiIGhlaWdodD0iNTY4IiByeD0iMTgyIi8+CiAgICAgICAgPGNpcmNsZSBmaWxsLW9wYWNpdHk9Ii4xIiBmaWxsPSIjMDAwIiBjeD0iMjQ5IiBjeT0iMTcyIiByPSIxMDAiLz4KICAgIDwvZz4KPC9zdmc+Cg==&#8221; portrait_width=&#8221;0px&#8221; portrait_height=&#8221;1px&#8221; _builder_version=&#8221;4.23&#8243; _module_preset=&#8221;default&#8221; body_font=&#8221;Noto Serif||||||||&#8221; body_font_size=&#8221;15px&#8221; body_line_height=&#8221;1.2em&#8221; author_font=&#8221;Noto Serif|700|||||||&#8221; author_line_height=&#8221;1.2em&#8221; custom_margin=&#8221;||24px|||&#8221; custom_padding=&#8221;15px||6px|25px|false|false&#8221; global_colors_info=&#8221;{}&#8221;]<\/p>\n<p>\u201cZoals dans een nieuw licht laat schijnen, en muziek een frisse wind laat waaien, zo verklankt en verbeeldt dit kunstwerk de beweging die we samen maken naar een nieuwe energie.<\/p>\n<p>SMK laat je groeien, daarom steunen wij dit burgerinitiatief\u201d.<\/p>\n<p>[\/et_pb_testimonial][et_pb_testimonial author=&#8221;Ivo Rosbeek&#8221; job_title=&#8221;architect, musicus, docent architectuur&#8221; portrait_url=&#8221;data:image\/svg+xml;base64,PHN2ZyB3aWR0aD0iNTAwIiBoZWlnaHQ9IjUwMCIgdmlld0JveD0iMCAwIDUwMCA1MDAiIHhtbG5zPSJodHRwOi8vd3d3LnczLm9yZy8yMDAwL3N2ZyI+CiAgICA8ZyBmaWxsPSJub25lIiBmaWxsLXJ1bGU9ImV2ZW5vZGQiPgogICAgICAgIDxwYXRoIGZpbGw9IiNFQkVCRUIiIGQ9Ik0wIDBoNTAwdjUwMEgweiIvPgogICAgICAgIDxyZWN0IGZpbGwtb3BhY2l0eT0iLjEiIGZpbGw9IiMwMDAiIHg9IjY4IiB5PSIzMDUiIHdpZHRoPSIzNjQiIGhlaWdodD0iNTY4IiByeD0iMTgyIi8+CiAgICAgICAgPGNpcmNsZSBmaWxsLW9wYWNpdHk9Ii4xIiBmaWxsPSIjMDAwIiBjeD0iMjQ5IiBjeT0iMTcyIiByPSIxMDAiLz4KICAgIDwvZz4KPC9zdmc+Cg==&#8221; portrait_width=&#8221;1px&#8221; portrait_height=&#8221;1px&#8221; _builder_version=&#8221;4.23&#8243; _module_preset=&#8221;default&#8221; body_font=&#8221;Noto Serif||||||||&#8221; body_font_size=&#8221;15px&#8221; body_line_height=&#8221;1.2em&#8221; author_font=&#8221;Noto Serif|700|||||||&#8221; author_line_height=&#8221;1.2em&#8221; position_font=&#8221;Noto Serif||||||||&#8221; position_font_size=&#8221;12px&#8221; position_line_height=&#8221;1.2em&#8221; custom_padding=&#8221;16px||2px|||&#8221; global_colors_info=&#8221;{}&#8221;]<\/p>\n<p>Kunst in de openbare ruimte is belangrijk omdat het altijd tot reacties leidt en zo tot denken aan zet.<br \/>In een tijd van globalisering, populisme en mondiale transities krijgen lokale burgerinitiatieven extra zeggingskracht.<br \/>In het initiatief voor de dirigent komen burgers en makers uit de omgeving in synergie bij elkaar.<br \/>Dat is een duidelijke en krachtige boodschap.<\/p>\n<p>[\/et_pb_testimonial][et_pb_testimonial author=&#8221;Marc Charlier&#8221; job_title=&#8221;Ondernemer&#8221; portrait_url=&#8221;data:image\/svg+xml;base64,PHN2ZyB3aWR0aD0iNTAwIiBoZWlnaHQ9IjUwMCIgdmlld0JveD0iMCAwIDUwMCA1MDAiIHhtbG5zPSJodHRwOi8vd3d3LnczLm9yZy8yMDAwL3N2ZyI+CiAgICA8ZyBmaWxsPSJub25lIiBmaWxsLXJ1bGU9ImV2ZW5vZGQiPgogICAgICAgIDxwYXRoIGZpbGw9IiNFQkVCRUIiIGQ9Ik0wIDBoNTAwdjUwMEgweiIvPgogICAgICAgIDxyZWN0IGZpbGwtb3BhY2l0eT0iLjEiIGZpbGw9IiMwMDAiIHg9IjY4IiB5PSIzMDUiIHdpZHRoPSIzNjQiIGhlaWdodD0iNTY4IiByeD0iMTgyIi8+CiAgICAgICAgPGNpcmNsZSBmaWxsLW9wYWNpdHk9Ii4xIiBmaWxsPSIjMDAwIiBjeD0iMjQ5IiBjeT0iMTcyIiByPSIxMDAiLz4KICAgIDwvZz4KPC9zdmc+Cg==&#8221; portrait_width=&#8221;1px&#8221; portrait_height=&#8221;1px&#8221; _builder_version=&#8221;4.23&#8243; _module_preset=&#8221;default&#8221; body_font=&#8221;Noto Serif||||||||&#8221; body_font_size=&#8221;15px&#8221; body_line_height=&#8221;1.2em&#8221; author_font=&#8221;Noto Serif|700|||||||&#8221; author_line_height=&#8221;1.2em&#8221; position_font=&#8221;Noto Serif||||||||&#8221; position_font_size=&#8221;12px&#8221; position_line_height=&#8221;1.2em&#8221; custom_padding=&#8221;21px||6px|||&#8221; global_colors_info=&#8221;{}&#8221;]<\/p>\n<p>Kerkrade als klankstad is een begrip in de muziekwereld. De dirigent staat wereldwijd voor de leider en aanjager in de muziek. Met de realisatie van dit kunstwerk in Kerkrade, zouden beiden met elkaar verbonden kunnen worden.<\/p>\n<p>[\/et_pb_testimonial][et_pb_testimonial author=&#8221;Maurice Nijsten&#8221; job_title=&#8221;filmmaker&#8221; portrait_url=&#8221;data:image\/svg+xml;base64,PHN2ZyB3aWR0aD0iNTAwIiBoZWlnaHQ9IjUwMCIgdmlld0JveD0iMCAwIDUwMCA1MDAiIHhtbG5zPSJodHRwOi8vd3d3LnczLm9yZy8yMDAwL3N2ZyI+CiAgICA8ZyBmaWxsPSJub25lIiBmaWxsLXJ1bGU9ImV2ZW5vZGQiPgogICAgICAgIDxwYXRoIGZpbGw9IiNFQkVCRUIiIGQ9Ik0wIDBoNTAwdjUwMEgweiIvPgogICAgICAgIDxyZWN0IGZpbGwtb3BhY2l0eT0iLjEiIGZpbGw9IiMwMDAiIHg9IjY4IiB5PSIzMDUiIHdpZHRoPSIzNjQiIGhlaWdodD0iNTY4IiByeD0iMTgyIi8+CiAgICAgICAgPGNpcmNsZSBmaWxsLW9wYWNpdHk9Ii4xIiBmaWxsPSIjMDAwIiBjeD0iMjQ5IiBjeT0iMTcyIiByPSIxMDAiLz4KICAgIDwvZz4KPC9zdmc+Cg==&#8221; portrait_width=&#8221;0px&#8221; portrait_height=&#8221;0px&#8221; _builder_version=&#8221;4.23&#8243; _module_preset=&#8221;default&#8221; body_font=&#8221;Noto Serif||||||||&#8221; body_font_size=&#8221;15px&#8221; body_line_height=&#8221;1.2em&#8221; author_font=&#8221;Noto Serif|700|||||||&#8221; author_line_height=&#8221;1.2em&#8221; position_font=&#8221;Noto Serif||||||||&#8221; position_font_size=&#8221;12px&#8221; position_line_height=&#8221;1.2em&#8221; custom_padding=&#8221;15px||4px||false|false&#8221; global_colors_info=&#8221;{}&#8221;]<\/p>\n<p>Een bijzonder burgerinitiatief in Kerkrade! Dit te realiseren kunstwerk, waarbij energie van zon en wind zowel visueel als auditief weten te verrassen. Kan het nog actueler? Het goed doordachte plan om het \u201cGesamtkunstwerk\u201d te realiseren is, volgens mij, een abolute must met een Euregionale uitstraling. Helpt u ook mee voor wind in de zeilen van \u201cDe Dirigent? \u201c<\/p>\n<p>[\/et_pb_testimonial][\/et_pb_column][\/et_pb_row][et_pb_row _builder_version=&#8221;4.22.1&#8243; _module_preset=&#8221;default&#8221; custom_padding=&#8221;0px|||||&#8221; global_colors_info=&#8221;{}&#8221;][et_pb_column type=&#8221;4_4&#8243; _builder_version=&#8221;4.22.1&#8243; _module_preset=&#8221;default&#8221; global_colors_info=&#8221;{}&#8221;][et_pb_testimonial author=&#8221;Joost Meijs&#8221; job_title=&#8221;zanger\/entertainer&#8221; portrait_url=&#8221;data:image\/svg+xml;base64,PHN2ZyB3aWR0aD0iNTAwIiBoZWlnaHQ9IjUwMCIgdmlld0JveD0iMCAwIDUwMCA1MDAiIHhtbG5zPSJodHRwOi8vd3d3LnczLm9yZy8yMDAwL3N2ZyI+CiAgICA8ZyBmaWxsPSJub25lIiBmaWxsLXJ1bGU9ImV2ZW5vZGQiPgogICAgICAgIDxwYXRoIGZpbGw9IiNFQkVCRUIiIGQ9Ik0wIDBoNTAwdjUwMEgweiIvPgogICAgICAgIDxyZWN0IGZpbGwtb3BhY2l0eT0iLjEiIGZpbGw9IiMwMDAiIHg9IjY4IiB5PSIzMDUiIHdpZHRoPSIzNjQiIGhlaWdodD0iNTY4IiByeD0iMTgyIi8+CiAgICAgICAgPGNpcmNsZSBmaWxsLW9wYWNpdHk9Ii4xIiBmaWxsPSIjMDAwIiBjeD0iMjQ5IiBjeT0iMTcyIiByPSIxMDAiLz4KICAgIDwvZz4KPC9zdmc+Cg==&#8221; portrait_width=&#8221;1px&#8221; portrait_height=&#8221;1px&#8221; _builder_version=&#8221;4.23&#8243; _module_preset=&#8221;default&#8221; body_font=&#8221;Noto Serif||||||||&#8221; body_font_size=&#8221;15px&#8221; body_line_height=&#8221;1.2em&#8221; author_font=&#8221;Noto Serif|700|||||||&#8221; author_line_height=&#8221;1.2em&#8221; position_font_size=&#8221;12px&#8221; position_line_height=&#8221;1.2em&#8221; background_color=&#8221;#F5F5F5&#8243; min_height=&#8221;107.8px&#8221; custom_padding=&#8221;18px||4px|||&#8221; global_colors_info=&#8221;{}&#8221;]<\/p>\n<p>\u201cWind en zon\u201d klinkt als muziek in mijn oren. Een ware levenselixer. Onmisbaar en generaties verbindend.<\/p>\n<p>[\/et_pb_testimonial][\/et_pb_column][\/et_pb_row][et_pb_row _builder_version=&#8221;4.22.1&#8243; _module_preset=&#8221;default&#8221; custom_padding=&#8221;0px|||||&#8221; global_colors_info=&#8221;{}&#8221;][et_pb_column type=&#8221;4_4&#8243; _builder_version=&#8221;4.22.1&#8243; _module_preset=&#8221;default&#8221; global_colors_info=&#8221;{}&#8221;][et_pb_testimonial author=&#8221;Bj\u00f6rn Bus&#8221; job_title=&#8221;artistiek leider WMC, dirigent &#8221; portrait_url=&#8221;data:image\/svg+xml;base64,PHN2ZyB3aWR0aD0iNTAwIiBoZWlnaHQ9IjUwMCIgdmlld0JveD0iMCAwIDUwMCA1MDAiIHhtbG5zPSJodHRwOi8vd3d3LnczLm9yZy8yMDAwL3N2ZyI+CiAgICA8ZyBmaWxsPSJub25lIiBmaWxsLXJ1bGU9ImV2ZW5vZGQiPgogICAgICAgIDxwYXRoIGZpbGw9IiNFQkVCRUIiIGQ9Ik0wIDBoNTAwdjUwMEgweiIvPgogICAgICAgIDxyZWN0IGZpbGwtb3BhY2l0eT0iLjEiIGZpbGw9IiMwMDAiIHg9IjY4IiB5PSIzMDUiIHdpZHRoPSIzNjQiIGhlaWdodD0iNTY4IiByeD0iMTgyIi8+CiAgICAgICAgPGNpcmNsZSBmaWxsLW9wYWNpdHk9Ii4xIiBmaWxsPSIjMDAwIiBjeD0iMjQ5IiBjeT0iMTcyIiByPSIxMDAiLz4KICAgIDwvZz4KPC9zdmc+Cg==&#8221; portrait_width=&#8221;1px&#8221; portrait_height=&#8221;1px&#8221; _builder_version=&#8221;4.23&#8243; _module_preset=&#8221;default&#8221; body_font=&#8221;Noto Serif||||||||&#8221; body_font_size=&#8221;15px&#8221; body_line_height=&#8221;1.2em&#8221; author_font=&#8221;Noto Serif|700|||||||&#8221; author_line_height=&#8221;1.2em&#8221; position_font=&#8221;Noto Serif||||||||&#8221; position_font_size=&#8221;12px&#8221; position_line_height=&#8221;1.2em&#8221; min_height=&#8221;224.8px&#8221; custom_padding=&#8221;20px||5px|||&#8221; global_colors_info=&#8221;{}&#8221;]<\/p>\n<p>Een dirigent en de tweede energietransitie hebben enkele vergelijkbare aspecten, hoewel ze op het eerste gezicht heel verschillende domeinen lijken te zijn. In essentie draait het bij beide om het beheren van complexiteit, co\u00f6rdineren van acties en streven naar een positief resultaat, zij het in de muzikale uitvoering of in de overgang naar duurzamere energiebronnen.<\/p>\n<p>Ik ondersteun als professioneel dirigent en artistiek leider van het Wereld Muziek Concours dan ook van harte de realisatie van dit bijzondere kunstwerk voor de stad Kerkrade en de mondiale blaasmuziek. \u00a0<\/p>\n<p>[\/et_pb_testimonial][et_pb_testimonial author=&#8221;Egid van Houtem&#8221; job_title=&#8221;directeur-Bestuurder bij Bibliotheek Kerkrade&#8221; portrait_url=&#8221;data:image\/svg+xml;base64,PHN2ZyB3aWR0aD0iNTAwIiBoZWlnaHQ9IjUwMCIgdmlld0JveD0iMCAwIDUwMCA1MDAiIHhtbG5zPSJodHRwOi8vd3d3LnczLm9yZy8yMDAwL3N2ZyI+CiAgICA8ZyBmaWxsPSJub25lIiBmaWxsLXJ1bGU9ImV2ZW5vZGQiPgogICAgICAgIDxwYXRoIGZpbGw9IiNFQkVCRUIiIGQ9Ik0wIDBoNTAwdjUwMEgweiIvPgogICAgICAgIDxyZWN0IGZpbGwtb3BhY2l0eT0iLjEiIGZpbGw9IiMwMDAiIHg9IjY4IiB5PSIzMDUiIHdpZHRoPSIzNjQiIGhlaWdodD0iNTY4IiByeD0iMTgyIi8+CiAgICAgICAgPGNpcmNsZSBmaWxsLW9wYWNpdHk9Ii4xIiBmaWxsPSIjMDAwIiBjeD0iMjQ5IiBjeT0iMTcyIiByPSIxMDAiLz4KICAgIDwvZz4KPC9zdmc+Cg==&#8221; portrait_width=&#8221;1px&#8221; portrait_height=&#8221;1px&#8221; _builder_version=&#8221;4.23&#8243; _module_preset=&#8221;default&#8221; body_font=&#8221;Noto Serif||||||||&#8221; body_font_size=&#8221;15px&#8221; body_line_height=&#8221;1.2em&#8221; author_font=&#8221;Noto Serif|700|||||||&#8221; author_line_height=&#8221;1.2em&#8221; position_font=&#8221;Noto Serif||||||||&#8221; position_font_size=&#8221;12px&#8221; position_line_height=&#8221;1.2em&#8221; custom_padding=&#8221;20px||9px|||&#8221; global_colors_info=&#8221;{}&#8221;]<\/p>\n<p>Kerkrade beweegt met de dirigent mee op de golven van tijd en energie. Zo wordt een volgende transitie ingezet. Taal en teken worden op deze manier letterlijk neergezet in de klankstad. Het is immers de toon die de muziek maakt!<\/p>\n<p>[\/et_pb_testimonial][et_pb_testimonial author=&#8221;Fer Kousen&#8221; job_title=&#8221;buuteredner, presentator &#8221; portrait_url=&#8221;data:image\/svg+xml;base64,PHN2ZyB3aWR0aD0iNTAwIiBoZWlnaHQ9IjUwMCIgdmlld0JveD0iMCAwIDUwMCA1MDAiIHhtbG5zPSJodHRwOi8vd3d3LnczLm9yZy8yMDAwL3N2ZyI+CiAgICA8ZyBmaWxsPSJub25lIiBmaWxsLXJ1bGU9ImV2ZW5vZGQiPgogICAgICAgIDxwYXRoIGZpbGw9IiNFQkVCRUIiIGQ9Ik0wIDBoNTAwdjUwMEgweiIvPgogICAgICAgIDxyZWN0IGZpbGwtb3BhY2l0eT0iLjEiIGZpbGw9IiMwMDAiIHg9IjY4IiB5PSIzMDUiIHdpZHRoPSIzNjQiIGhlaWdodD0iNTY4IiByeD0iMTgyIi8+CiAgICAgICAgPGNpcmNsZSBmaWxsLW9wYWNpdHk9Ii4xIiBmaWxsPSIjMDAwIiBjeD0iMjQ5IiBjeT0iMTcyIiByPSIxMDAiLz4KICAgIDwvZz4KPC9zdmc+Cg==&#8221; portrait_width=&#8221;1px&#8221; portrait_height=&#8221;1px&#8221; _builder_version=&#8221;4.23&#8243; _module_preset=&#8221;default&#8221; body_font=&#8221;Noto Serif||||||||&#8221; body_font_size=&#8221;15px&#8221; body_line_height=&#8221;1.2em&#8221; author_font=&#8221;Noto Serif|700|||||||&#8221; author_line_height=&#8221;1.2em&#8221; position_font=&#8221;Noto Serif||||||||&#8221; position_font_size=&#8221;12px&#8221; position_line_height=&#8221;1.2em&#8221; custom_padding=&#8221;17px||5px|||&#8221; global_colors_info=&#8221;{}&#8221;]<\/p>\n<p>De zon en d\u2019r wink. \u2018t Lit en d\u2019r oam. Oane wille vier nit, kanne vier nit. Koens is d\u2019r oam van \u2018t le\u00ebve, maat \u2018t meujeliech tse le\u00ebve. Lie\u00ebt luete en verdrieft d\u2019r duuster. D\u2019r dierejent jeet \u00f3s vuur en noe\u00ebte winge ziech noa de zon.<\/p>\n<p>[\/et_pb_testimonial][et_pb_testimonial author=&#8221;Tjeu Zeijen&#8221; job_title=&#8221;organist, pianist, docent&#8221; portrait_url=&#8221;data:image\/svg+xml;base64,PHN2ZyB3aWR0aD0iNTAwIiBoZWlnaHQ9IjUwMCIgdmlld0JveD0iMCAwIDUwMCA1MDAiIHhtbG5zPSJodHRwOi8vd3d3LnczLm9yZy8yMDAwL3N2ZyI+CiAgICA8ZyBmaWxsPSJub25lIiBmaWxsLXJ1bGU9ImV2ZW5vZGQiPgogICAgICAgIDxwYXRoIGZpbGw9IiNFQkVCRUIiIGQ9Ik0wIDBoNTAwdjUwMEgweiIvPgogICAgICAgIDxyZWN0IGZpbGwtb3BhY2l0eT0iLjEiIGZpbGw9IiMwMDAiIHg9IjY4IiB5PSIzMDUiIHdpZHRoPSIzNjQiIGhlaWdodD0iNTY4IiByeD0iMTgyIi8+CiAgICAgICAgPGNpcmNsZSBmaWxsLW9wYWNpdHk9Ii4xIiBmaWxsPSIjMDAwIiBjeD0iMjQ5IiBjeT0iMTcyIiByPSIxMDAiLz4KICAgIDwvZz4KPC9zdmc+Cg==&#8221; portrait_width=&#8221;1px&#8221; portrait_height=&#8221;1px&#8221; _builder_version=&#8221;4.27.0&#8243; _module_preset=&#8221;default&#8221; body_font=&#8221;Noto Serif||||||||&#8221; body_font_size=&#8221;15px&#8221; body_line_height=&#8221;-0.3em&#8221; author_font=&#8221;Noto Serif|700|||||||&#8221; author_line_height=&#8221;1.2em&#8221; position_font=&#8221;Noto Serif||||||||&#8221; position_font_size=&#8221;12px&#8221; position_line_height=&#8221;1.2em&#8221; global_colors_info=&#8221;{}&#8221;]<\/p>\n<p>Er kan niet genoeg gedirigeerd worden!<\/p>\n<p>[\/et_pb_testimonial][et_pb_testimonial author=&#8221;Henk Mertens&#8221; job_title=&#8221;dirigent &#038; wiskundige&#8221; portrait_url=&#8221;data:image\/svg+xml;base64,PHN2ZyB3aWR0aD0iNTAwIiBoZWlnaHQ9IjUwMCIgdmlld0JveD0iMCAwIDUwMCA1MDAiIHhtbG5zPSJodHRwOi8vd3d3LnczLm9yZy8yMDAwL3N2ZyI+CiAgICA8ZyBmaWxsPSJub25lIiBmaWxsLXJ1bGU9ImV2ZW5vZGQiPgogICAgICAgIDxwYXRoIGZpbGw9IiNFQkVCRUIiIGQ9Ik0wIDBoNTAwdjUwMEgweiIvPgogICAgICAgIDxyZWN0IGZpbGwtb3BhY2l0eT0iLjEiIGZpbGw9IiMwMDAiIHg9IjY4IiB5PSIzMDUiIHdpZHRoPSIzNjQiIGhlaWdodD0iNTY4IiByeD0iMTgyIi8+CiAgICAgICAgPGNpcmNsZSBmaWxsLW9wYWNpdHk9Ii4xIiBmaWxsPSIjMDAwIiBjeD0iMjQ5IiBjeT0iMTcyIiByPSIxMDAiLz4KICAgIDwvZz4KPC9zdmc+Cg==&#8221; portrait_width=&#8221;1px&#8221; portrait_height=&#8221;1px&#8221; _builder_version=&#8221;4.23&#8243; _module_preset=&#8221;default&#8221; body_font=&#8221;Noto Serif||||||||&#8221; body_font_size=&#8221;15px&#8221; body_line_height=&#8221;1.2em&#8221; author_font=&#8221;Noto Serif|700|||||||&#8221; author_line_height=&#8221;1.2em&#8221; position_font=&#8221;Noto Serif||||||||&#8221; position_font_size=&#8221;12px&#8221; position_line_height=&#8221;1.2em&#8221; custom_padding=&#8221;21px||3px|||&#8221; global_colors_info=&#8221;{}&#8221;]<\/p>\n<p>\u201cde Dirigent\u201d is een innovatief kunstproject dat op meerdere lagen werkt. Het beeld is een eye- en earcatcher die muziek, beeldende kunst en de tijdsgeest verstrengelt in een dynamisch totaalconcept. Het is een waardige toevoeging aan de publieke ruimte van klankstad \u00e9n beeldenstad Kerkrade.<\/p>\n<p>[\/et_pb_testimonial][\/et_pb_column][\/et_pb_row][et_pb_row _builder_version=&#8221;4.22.1&#8243; _module_preset=&#8221;default&#8221; global_colors_info=&#8221;{}&#8221;][et_pb_column type=&#8221;4_4&#8243; _builder_version=&#8221;4.22.1&#8243; _module_preset=&#8221;default&#8221; global_colors_info=&#8221;{}&#8221;][et_pb_testimonial author=&#8221;Jean No\u00ebl&#8221; job_title=&#8221;kunst- en cultuurliefhebber&#8221; portrait_url=&#8221;data:image\/svg+xml;base64,PHN2ZyB3aWR0aD0iNTAwIiBoZWlnaHQ9IjUwMCIgdmlld0JveD0iMCAwIDUwMCA1MDAiIHhtbG5zPSJodHRwOi8vd3d3LnczLm9yZy8yMDAwL3N2ZyI+CiAgICA8ZyBmaWxsPSJub25lIiBmaWxsLXJ1bGU9ImV2ZW5vZGQiPgogICAgICAgIDxwYXRoIGZpbGw9IiNFQkVCRUIiIGQ9Ik0wIDBoNTAwdjUwMEgweiIvPgogICAgICAgIDxyZWN0IGZpbGwtb3BhY2l0eT0iLjEiIGZpbGw9IiMwMDAiIHg9IjY4IiB5PSIzMDUiIHdpZHRoPSIzNjQiIGhlaWdodD0iNTY4IiByeD0iMTgyIi8+CiAgICAgICAgPGNpcmNsZSBmaWxsLW9wYWNpdHk9Ii4xIiBmaWxsPSIjMDAwIiBjeD0iMjQ5IiBjeT0iMTcyIiByPSIxMDAiLz4KICAgIDwvZz4KPC9zdmc+Cg==&#8221; portrait_width=&#8221;0px&#8221; portrait_height=&#8221;0px&#8221; _builder_version=&#8221;4.23&#8243; _module_preset=&#8221;default&#8221; body_font=&#8221;Noto Serif||||||||&#8221; body_font_size=&#8221;15px&#8221; body_line_height=&#8221;1.2em&#8221; author_font=&#8221;Noto Serif|700|||||||&#8221; author_line_height=&#8221;1.2em&#8221; custom_margin=&#8221;-30px|||||&#8221; custom_padding=&#8221;23px||4px|||&#8221; global_colors_info=&#8221;{}&#8221;]<\/p>\n<p style=\"margin: 0cm;\">Weer en wind zorgen voor beweging, leveren energie en geluid. Melodie\u00ebn van de natuur met altijd weer andere nuances. Muziek in haar oorsprong.\u00a0<o:p><\/o:p><\/p>\n<p style=\"margin: 0cm; font-stretch: normal; font-size-adjust: none; font-kerning: auto; font-variant-alternates: normal; font-variant-ligatures: normal; font-variant-numeric: normal; font-variant-east-asian: normal; font-feature-settings: normal; min-height: 24px;\">De mens volgt deze melodie\u00ebn als door een natuurlijke dirigent geleid en voegt zich in de veranderde omstandigheden die ontstaan. Hoe prachtig om deze zich herhalende transitie in onze stad ook bewust te kunnen gaan opzoeken met de verhoopte realisatie van dit kunstwerk.<o:p><\/o:p><\/p>\n<p>[\/et_pb_testimonial][et_pb_testimonial author=&#8221;Jos Zegers&#8221; job_title=&#8221;dirigent&#8221; portrait_url=&#8221;data:image\/svg+xml;base64,PHN2ZyB3aWR0aD0iNTAwIiBoZWlnaHQ9IjUwMCIgdmlld0JveD0iMCAwIDUwMCA1MDAiIHhtbG5zPSJodHRwOi8vd3d3LnczLm9yZy8yMDAwL3N2ZyI+CiAgICA8ZyBmaWxsPSJub25lIiBmaWxsLXJ1bGU9ImV2ZW5vZGQiPgogICAgICAgIDxwYXRoIGZpbGw9IiNFQkVCRUIiIGQ9Ik0wIDBoNTAwdjUwMEgweiIvPgogICAgICAgIDxyZWN0IGZpbGwtb3BhY2l0eT0iLjEiIGZpbGw9IiMwMDAiIHg9IjY4IiB5PSIzMDUiIHdpZHRoPSIzNjQiIGhlaWdodD0iNTY4IiByeD0iMTgyIi8+CiAgICAgICAgPGNpcmNsZSBmaWxsLW9wYWNpdHk9Ii4xIiBmaWxsPSIjMDAwIiBjeD0iMjQ5IiBjeT0iMTcyIiByPSIxMDAiLz4KICAgIDwvZz4KPC9zdmc+Cg==&#8221; portrait_width=&#8221;0px&#8221; portrait_height=&#8221;0px&#8221; _builder_version=&#8221;4.23&#8243; _module_preset=&#8221;default&#8221; body_font=&#8221;Noto Serif||||||||&#8221; body_font_size=&#8221;15px&#8221; body_line_height=&#8221;1.2em&#8221; author_font=&#8221;Noto Serif|700|||||||&#8221; author_line_height=&#8221;1.2em&#8221; position_font=&#8221;Noto Serif||||||||&#8221; position_font_size=&#8221;12px&#8221; position_line_height=&#8221;1.2em&#8221; custom_padding=&#8221;15px||4px||false|false&#8221; global_colors_info=&#8221;{}&#8221;]<\/p>\n<p>Met dit mooie nieuwe kunstwerk krijgt de term Klankstad Kerkrade nog meer inhoud. Dit mooie initiatief ondersteun ik van harte<\/p>\n<p>[\/et_pb_testimonial][et_pb_testimonial author=&#8221;Paul Weelen&#8221; job_title=&#8221;schrijver, singer\/songwriter &#8221; portrait_url=&#8221;data:image\/svg+xml;base64,PHN2ZyB3aWR0aD0iNTAwIiBoZWlnaHQ9IjUwMCIgdmlld0JveD0iMCAwIDUwMCA1MDAiIHhtbG5zPSJodHRwOi8vd3d3LnczLm9yZy8yMDAwL3N2ZyI+CiAgICA8ZyBmaWxsPSJub25lIiBmaWxsLXJ1bGU9ImV2ZW5vZGQiPgogICAgICAgIDxwYXRoIGZpbGw9IiNFQkVCRUIiIGQ9Ik0wIDBoNTAwdjUwMEgweiIvPgogICAgICAgIDxyZWN0IGZpbGwtb3BhY2l0eT0iLjEiIGZpbGw9IiMwMDAiIHg9IjY4IiB5PSIzMDUiIHdpZHRoPSIzNjQiIGhlaWdodD0iNTY4IiByeD0iMTgyIi8+CiAgICAgICAgPGNpcmNsZSBmaWxsLW9wYWNpdHk9Ii4xIiBmaWxsPSIjMDAwIiBjeD0iMjQ5IiBjeT0iMTcyIiByPSIxMDAiLz4KICAgIDwvZz4KPC9zdmc+Cg==&#8221; portrait_width=&#8221;1px&#8221; portrait_height=&#8221;1px&#8221; _builder_version=&#8221;4.23&#8243; _module_preset=&#8221;default&#8221; body_font=&#8221;Noto Serif||||||||&#8221; body_font_size=&#8221;15px&#8221; body_line_height=&#8221;1.2em&#8221; author_font=&#8221;Noto Serif|700|||||||&#8221; author_line_height=&#8221;1.2em&#8221; position_font=&#8221;Noto Serif||||||||&#8221; position_font_size=&#8221;12px&#8221; position_line_height=&#8221;1.2em&#8221; global_colors_info=&#8221;{}&#8221;]<\/p>\n<p>D\u2019r dieriejent<\/p>\n<p>Kanne vier \u00f3s nog losse verveure<br \/>\u00d3p de toe\u00ebne va zon en wink?<br \/>Losse vier \u00f3s nog durch de natoer keure,<br \/>Sjtunt aofe vuur zaache wie \u2019t allerklingste kink?<\/p>\n<p>Koens re\u00ebt eroes, oane doebele boam,<br \/>Ze kan van alles en nog jet zie\u00eb.Ze verwermt \u2019t hats, d\u2019r miensj kriet oam,<br \/>Uvver de jrenze van hallo en adie\u00eb.<\/p>\n<p>Wie moeziek ummer werm kan vernuie,<br \/>Los d\u2019r tsouwval mar dieriejent sjpille,<br \/>\u2019t Is mar wat d\u2019r jek d\u2019rvan maat.<\/p>\n<p>In de tsouwk\u00f3nft zal alles nog ins bluie,<br \/>Zoe\u00eb lang wie zon en wink wille,<br \/>D\u2019r dieriejent is vuur alles paraat.<\/p>\n<p>[\/et_pb_testimonial][et_pb_testimonial author=&#8221;Guido Dieteren&#8221; job_title=&#8221;violist\/orkestleider &#8221; portrait_url=&#8221;data:image\/svg+xml;base64,PHN2ZyB3aWR0aD0iNTAwIiBoZWlnaHQ9IjUwMCIgdmlld0JveD0iMCAwIDUwMCA1MDAiIHhtbG5zPSJodHRwOi8vd3d3LnczLm9yZy8yMDAwL3N2ZyI+CiAgICA8ZyBmaWxsPSJub25lIiBmaWxsLXJ1bGU9ImV2ZW5vZGQiPgogICAgICAgIDxwYXRoIGZpbGw9IiNFQkVCRUIiIGQ9Ik0wIDBoNTAwdjUwMEgweiIvPgogICAgICAgIDxyZWN0IGZpbGwtb3BhY2l0eT0iLjEiIGZpbGw9IiMwMDAiIHg9IjY4IiB5PSIzMDUiIHdpZHRoPSIzNjQiIGhlaWdodD0iNTY4IiByeD0iMTgyIi8+CiAgICAgICAgPGNpcmNsZSBmaWxsLW9wYWNpdHk9Ii4xIiBmaWxsPSIjMDAwIiBjeD0iMjQ5IiBjeT0iMTcyIiByPSIxMDAiLz4KICAgIDwvZz4KPC9zdmc+Cg==&#8221; portrait_width=&#8221;1px&#8221; portrait_height=&#8221;1px&#8221; _builder_version=&#8221;4.23&#8243; _module_preset=&#8221;default&#8221; body_font=&#8221;Noto Serif||||||||&#8221; body_font_size=&#8221;15px&#8221; body_line_height=&#8221;1.2em&#8221; author_line_height=&#8221;1.2em&#8221; position_font=&#8221;Noto Serif||||||||&#8221; position_font_size=&#8221;12px&#8221; position_line_height=&#8221;1.2em&#8221; global_colors_info=&#8221;{}&#8221;]<\/p>\n<p>Zon en wind zijn uitdrukkingsvormen van de opperdirigent des levens. Zelf mogen we op die golven van liefde onze eigen klanken en ontwikkelingen expressief als mens tot uitdrukking brengen.<\/p>\n<p>Ik ben er trots op dat Kerkrade zo&#8217;n mooie en gezonde voedingsbodem is voor deze universele muzikale energie en daarom past dit kunstwerk voor de volle 100% in de wereld klankstad!<\/p>\n<p>Ik ondersteun dit van harte!<\/p>\n<p>[\/et_pb_testimonial][et_pb_testimonial author=&#8221;Samira Golbaz &#038; Hamid Motebassem&#8221; job_title=&#8221;muzikante en kunstenares &#038; componist, muzikant, dirigent en docent Perzische muziek&#8221; portrait_url=&#8221;data:image\/svg+xml;base64,PHN2ZyB3aWR0aD0iNTAwIiBoZWlnaHQ9IjUwMCIgdmlld0JveD0iMCAwIDUwMCA1MDAiIHhtbG5zPSJodHRwOi8vd3d3LnczLm9yZy8yMDAwL3N2ZyI+CiAgICA8ZyBmaWxsPSJub25lIiBmaWxsLXJ1bGU9ImV2ZW5vZGQiPgogICAgICAgIDxwYXRoIGZpbGw9IiNFQkVCRUIiIGQ9Ik0wIDBoNTAwdjUwMEgweiIvPgogICAgICAgIDxyZWN0IGZpbGwtb3BhY2l0eT0iLjEiIGZpbGw9IiMwMDAiIHg9IjY4IiB5PSIzMDUiIHdpZHRoPSIzNjQiIGhlaWdodD0iNTY4IiByeD0iMTgyIi8+CiAgICAgICAgPGNpcmNsZSBmaWxsLW9wYWNpdHk9Ii4xIiBmaWxsPSIjMDAwIiBjeD0iMjQ5IiBjeT0iMTcyIiByPSIxMDAiLz4KICAgIDwvZz4KPC9zdmc+Cg==&#8221; portrait_width=&#8221;1px&#8221; portrait_height=&#8221;1px&#8221; _builder_version=&#8221;4.27.0&#8243; _module_preset=&#8221;default&#8221; body_font=&#8221;Noto Serif||||||||&#8221; body_font_size=&#8221;16px&#8221; author_font=&#8221;Noto Serif|700|||||||&#8221; position_font=&#8221;Noto Serif||||||||&#8221; position_font_size=&#8221;12px&#8221; global_colors_info=&#8221;{}&#8221;]<\/p>\n<p>&#8220;Umwelt, Gesundheit, Musik, Kunst und eine Welt ohne Hass und Krieg, es sind Dingen, die uns im Alltag den Weg weisen.&#8221;<\/p>\n<p>[\/et_pb_testimonial][et_pb_testimonial author=&#8221;Ando Gouders&#8221; job_title=&#8221;Koordirigent&#8221; portrait_url=&#8221;data:image\/svg+xml;base64,PHN2ZyB3aWR0aD0iNTAwIiBoZWlnaHQ9IjUwMCIgdmlld0JveD0iMCAwIDUwMCA1MDAiIHhtbG5zPSJodHRwOi8vd3d3LnczLm9yZy8yMDAwL3N2ZyI+CiAgICA8ZyBmaWxsPSJub25lIiBmaWxsLXJ1bGU9ImV2ZW5vZGQiPgogICAgICAgIDxwYXRoIGZpbGw9IiNFQkVCRUIiIGQ9Ik0wIDBoNTAwdjUwMEgweiIvPgogICAgICAgIDxyZWN0IGZpbGwtb3BhY2l0eT0iLjEiIGZpbGw9IiMwMDAiIHg9IjY4IiB5PSIzMDUiIHdpZHRoPSIzNjQiIGhlaWdodD0iNTY4IiByeD0iMTgyIi8+CiAgICAgICAgPGNpcmNsZSBmaWxsLW9wYWNpdHk9Ii4xIiBmaWxsPSIjMDAwIiBjeD0iMjQ5IiBjeT0iMTcyIiByPSIxMDAiLz4KICAgIDwvZz4KPC9zdmc+Cg==&#8221; portrait_width=&#8221;1px&#8221; portrait_height=&#8221;1px&#8221; _builder_version=&#8221;4.27.0&#8243; _module_preset=&#8221;default&#8221; body_font=&#8221;Noto Serif||||||||&#8221; body_font_size=&#8221;16px&#8221; body_line_height=&#8221;1.2em&#8221; author_font=&#8221;Noto Serif|700|||||||&#8221; position_font=&#8221;Noto Serif||||||||&#8221; position_font_size=&#8221;12px&#8221; global_colors_info=&#8221;{}&#8221;]<\/p>\n<p>Kerkrade bruist! Met \u201cDe Dirigent\u201d, krijgt een geweldig burgerinitiatief gestalte! De zon, de wind \u2013 ze wedijveren om de leiding in dit grandioos Gesamtkunstwerk. Hoe bijzonder klinkt ons mijnverleden door in de energie van het hier en nu, een symfonie van transitie. Waar de adem van harmonie, fanfare en koor nog steeds de harten verwarmt. Beleef Kerkrade, waar muziek de universele taal is, die verbindt in de Euregio en ver daarbuiten. Een harmonie van cultuur en duurzaamheid, een melodie van verandering. Als koordirigent \u00e9n inwoner van onze prachtige stad draag ik natuurlijk van harte mee bij aan dit inspirerende monument!<\/p>\n<p>[\/et_pb_testimonial][et_pb_testimonial author=&#8221;Arjan Tien&#8221; job_title=&#8221;Hoofdvakdocent HaFaBra directie Conservatorium Amsterdam, Orkestdirectie Conservatorium Maastricht, Chef dirigent Marinierskapel der Koninklijke Marine 2017-2024, Artistic Supervisor South African Conductor\u2019s Competition&#8221; portrait_url=&#8221;data:image\/svg+xml;base64,PHN2ZyB3aWR0aD0iNTAwIiBoZWlnaHQ9IjUwMCIgdmlld0JveD0iMCAwIDUwMCA1MDAiIHhtbG5zPSJodHRwOi8vd3d3LnczLm9yZy8yMDAwL3N2ZyI+CiAgICA8ZyBmaWxsPSJub25lIiBmaWxsLXJ1bGU9ImV2ZW5vZGQiPgogICAgICAgIDxwYXRoIGZpbGw9IiNFQkVCRUIiIGQ9Ik0wIDBoNTAwdjUwMEgweiIvPgogICAgICAgIDxyZWN0IGZpbGwtb3BhY2l0eT0iLjEiIGZpbGw9IiMwMDAiIHg9IjY4IiB5PSIzMDUiIHdpZHRoPSIzNjQiIGhlaWdodD0iNTY4IiByeD0iMTgyIi8+CiAgICAgICAgPGNpcmNsZSBmaWxsLW9wYWNpdHk9Ii4xIiBmaWxsPSIjMDAwIiBjeD0iMjQ5IiBjeT0iMTcyIiByPSIxMDAiLz4KICAgIDwvZz4KPC9zdmc+Cg==&#8221; portrait_width=&#8221;1px&#8221; portrait_height=&#8221;1px&#8221; _builder_version=&#8221;4.27.0&#8243; _module_preset=&#8221;default&#8221; body_font=&#8221;Noto Serif||||||||&#8221; body_font_size=&#8221;16px&#8221; body_line_height=&#8221;1.2em&#8221; author_font=&#8221;Noto Serif|700|||||||&#8221; position_font=&#8221;Noto Serif||||||||&#8221; position_font_size=&#8221;12px&#8221; global_colors_info=&#8221;{}&#8221;]<\/p>\n<p>De lucht, de adem, en de energie, beide zo onontbeerlijk in alle muziek, doeltreffend verbeeld door een windzeil en de zon.\u00a0Muziek, de universele taal die ons juist in deze tijd wereldwijd kan verbinden. Muziek die een alles overstijgende woordeloze verbinding tussen mensen kan maken.\u00a0<\/p>\n<p>Dank voor dit mooie initiatief, mag het bijdragen tot de essenti\u00eble menselijke verbinding en deze benadrukken.<\/p>\n<p>[\/et_pb_testimonial][et_pb_testimonial author=&#8221;Marco Bakker&#8221; portrait_url=&#8221;data:image\/svg+xml;base64,PHN2ZyB3aWR0aD0iNTAwIiBoZWlnaHQ9IjUwMCIgdmlld0JveD0iMCAwIDUwMCA1MDAiIHhtbG5zPSJodHRwOi8vd3d3LnczLm9yZy8yMDAwL3N2ZyI+CiAgICA8ZyBmaWxsPSJub25lIiBmaWxsLXJ1bGU9ImV2ZW5vZGQiPgogICAgICAgIDxwYXRoIGZpbGw9IiNFQkVCRUIiIGQ9Ik0wIDBoNTAwdjUwMEgweiIvPgogICAgICAgIDxyZWN0IGZpbGwtb3BhY2l0eT0iLjEiIGZpbGw9IiMwMDAiIHg9IjY4IiB5PSIzMDUiIHdpZHRoPSIzNjQiIGhlaWdodD0iNTY4IiByeD0iMTgyIi8+CiAgICAgICAgPGNpcmNsZSBmaWxsLW9wYWNpdHk9Ii4xIiBmaWxsPSIjMDAwIiBjeD0iMjQ5IiBjeT0iMTcyIiByPSIxMDAiLz4KICAgIDwvZz4KPC9zdmc+Cg==&#8221; portrait_width=&#8221;1px&#8221; portrait_height=&#8221;1px&#8221; _builder_version=&#8221;4.27.0&#8243; _module_preset=&#8221;default&#8221; body_font=&#8221;Noto Serif||||||||&#8221; body_font_size=&#8221;16px&#8221; body_line_height=&#8221;1.2em&#8221; author_font=&#8221;Noto Serif|700|||||||&#8221; position_font=&#8221;Noto Serif||||||||&#8221; position_font_size=&#8221;12px&#8221; global_colors_info=&#8221;{}&#8221;]<\/p>\n<p><span data-olk-copy-source=\"MessageBody\">&#8220;Al vanaf het begin van mijn loopbaan als zanger werd ik uitgenodigd als solist bij concerten bij blaasorkesten. Er werden arrangementen voor mij geschreven o.a. door Johan de Meij. Ik heb altijd enorme bewondering voor deze musici, met name vanwege het plezier van het spelen bij de vele amateurorkesten die ons land rijk is. Het burgerinitiatief in Kerkrade kan ik alleen maar aanmoedigen.Een initiatief dat zorgt voor begrip, progressie, liefde en verbinding in deze voormalige Mijnstreek.&#8221;<\/span><\/p>\n<p>[\/et_pb_testimonial][\/et_pb_column][\/et_pb_row][\/et_pb_section][et_pb_section fb_built=&#8221;1&#8243; _builder_version=&#8221;4.16&#8243; custom_padding=&#8221;0|0px|0px|0px|false|false&#8221; global_colors_info=&#8221;{}&#8221;][et_pb_row _builder_version=&#8221;4.16&#8243; global_colors_info=&#8221;{}&#8221;][et_pb_column type=&#8221;4_4&#8243; _builder_version=&#8221;4.16&#8243; custom_padding=&#8221;|||&#8221; global_colors_info=&#8221;{}&#8221; custom_padding__hover=&#8221;|||&#8221;][et_pb_social_media_follow _builder_version=&#8221;4.22.1&#8243; text_orientation=&#8221;center&#8221; background_layout=&#8221;dark&#8221; module_alignment=&#8221;right&#8221; custom_margin=&#8221;-56px|||&#8221; custom_margin_tablet=&#8221;&#8221; custom_margin_phone=&#8221;&#8221; custom_margin_last_edited=&#8221;on|desktop&#8221; animation_style=&#8221;slide&#8221; animation_direction=&#8221;top&#8221; border_radii=&#8221;on|100%|100%|100%|100%&#8221; box_shadow_style=&#8221;preset1&#8243; box_shadow_blur=&#8221;60px&#8221; locked=&#8221;off&#8221; global_colors_info=&#8221;{}&#8221;][et_pb_social_media_follow_network social_network=&#8221;facebook&#8221; _builder_version=&#8221;4.16&#8243; background_color=&#8221;#000000&#8243; custom_margin=&#8221;|10px||10px||true&#8221; custom_padding=&#8221;10px|10px|10px|10px|true|true&#8221; global_colors_info=&#8221;{}&#8221; follow_button=&#8221;off&#8221; url_new_window=&#8221;on&#8221;]facebook[\/et_pb_social_media_follow_network][\/et_pb_social_media_follow][\/et_pb_column][\/et_pb_row][\/et_pb_section]<\/p>\n","protected":false},"excerpt":{"rendered":"<p>Een initiatief zoals dit verdient alle ondersteuning. Een blijvend appel aan de toekomst van onze blaasmuziek !En tevens een permanente illustratie en weergave als inspiratie voor de inzet van velen in onze \u00a0muziekwereld.Een mooi voorbeeld dat ook in deze tijden \u00a0de verbondenheid aangeeft \u00a0in de dirigenten- wereld.\u2018dirigeren\u2019 &#8230; een vak, een roeping, een gave, een [&hellip;]<\/p>\n","protected":false},"author":1,"featured_media":0,"parent":0,"menu_order":0,"comment_status":"closed","ping_status":"closed","template":"","meta":{"_et_pb_use_builder":"on","_et_pb_old_content":"","_et_gb_content_width":"","footnotes":""},"class_list":["post-214","page","type-page","status-publish","hentry"],"yoast_head":"<!-- This site is optimized with the Yoast SEO plugin v21.5 - https:\/\/yoast.com\/wordpress\/plugins\/seo\/ -->\n<title>Ambassadeurs - Kunstwerk de dirigent<\/title>\n<meta name=\"robots\" content=\"index, follow, max-snippet:-1, max-image-preview:large, max-video-preview:-1\" \/>\n<link rel=\"canonical\" href=\"https:\/\/kunstwerkdedirigent.nl\/index.php\/ambassadeurs\/\" \/>\n<meta property=\"og:locale\" content=\"en_US\" \/>\n<meta property=\"og:type\" content=\"article\" \/>\n<meta property=\"og:title\" content=\"Ambassadeurs - Kunstwerk de dirigent\" \/>\n<meta property=\"og:description\" content=\"Een initiatief zoals dit verdient alle ondersteuning. Een blijvend appel aan de toekomst van onze blaasmuziek !En tevens een permanente illustratie en weergave als inspiratie voor de inzet van velen in onze \u00a0muziekwereld.Een mooi voorbeeld dat ook in deze tijden \u00a0de verbondenheid aangeeft \u00a0in de dirigenten- wereld.\u2018dirigeren\u2019 ... een vak, een roeping, een gave, een [&hellip;]\" \/>\n<meta property=\"og:url\" content=\"https:\/\/kunstwerkdedirigent.nl\/index.php\/ambassadeurs\/\" \/>\n<meta property=\"og:site_name\" content=\"Kunstwerk de dirigent\" \/>\n<meta property=\"article:modified_time\" content=\"2026-03-31T18:38:51+00:00\" \/>\n<meta name=\"twitter:card\" content=\"summary_large_image\" \/>\n<meta name=\"twitter:label1\" content=\"Est. reading time\" \/>\n\t<meta name=\"twitter:data1\" content=\"8 minutes\" \/>\n<script type=\"application\/ld+json\" class=\"yoast-schema-graph\">{\"@context\":\"https:\/\/schema.org\",\"@graph\":[{\"@type\":\"WebPage\",\"@id\":\"https:\/\/kunstwerkdedirigent.nl\/index.php\/ambassadeurs\/\",\"url\":\"https:\/\/kunstwerkdedirigent.nl\/index.php\/ambassadeurs\/\",\"name\":\"Ambassadeurs - Kunstwerk de dirigent\",\"isPartOf\":{\"@id\":\"https:\/\/kunstwerkdedirigent.nl\/#website\"},\"datePublished\":\"2023-10-03T19:59:04+00:00\",\"dateModified\":\"2026-03-31T18:38:51+00:00\",\"breadcrumb\":{\"@id\":\"https:\/\/kunstwerkdedirigent.nl\/index.php\/ambassadeurs\/#breadcrumb\"},\"inLanguage\":\"en-US\",\"potentialAction\":[{\"@type\":\"ReadAction\",\"target\":[\"https:\/\/kunstwerkdedirigent.nl\/index.php\/ambassadeurs\/\"]}]},{\"@type\":\"BreadcrumbList\",\"@id\":\"https:\/\/kunstwerkdedirigent.nl\/index.php\/ambassadeurs\/#breadcrumb\",\"itemListElement\":[{\"@type\":\"ListItem\",\"position\":1,\"name\":\"Home\",\"item\":\"https:\/\/kunstwerkdedirigent.nl\/\"},{\"@type\":\"ListItem\",\"position\":2,\"name\":\"Ambassadeurs\"}]},{\"@type\":\"WebSite\",\"@id\":\"https:\/\/kunstwerkdedirigent.nl\/#website\",\"url\":\"https:\/\/kunstwerkdedirigent.nl\/\",\"name\":\"Kunstwerk de dirigent\",\"description\":\"Kunstwerk de dirigent\",\"potentialAction\":[{\"@type\":\"SearchAction\",\"target\":{\"@type\":\"EntryPoint\",\"urlTemplate\":\"https:\/\/kunstwerkdedirigent.nl\/?s={search_term_string}\"},\"query-input\":\"required name=search_term_string\"}],\"inLanguage\":\"en-US\"}]}<\/script>\n<!-- \/ Yoast SEO plugin. -->","yoast_head_json":{"title":"Ambassadeurs - Kunstwerk de dirigent","robots":{"index":"index","follow":"follow","max-snippet":"max-snippet:-1","max-image-preview":"max-image-preview:large","max-video-preview":"max-video-preview:-1"},"canonical":"https:\/\/kunstwerkdedirigent.nl\/index.php\/ambassadeurs\/","og_locale":"en_US","og_type":"article","og_title":"Ambassadeurs - Kunstwerk de dirigent","og_description":"Een initiatief zoals dit verdient alle ondersteuning. Een blijvend appel aan de toekomst van onze blaasmuziek !En tevens een permanente illustratie en weergave als inspiratie voor de inzet van velen in onze \u00a0muziekwereld.Een mooi voorbeeld dat ook in deze tijden \u00a0de verbondenheid aangeeft \u00a0in de dirigenten- wereld.\u2018dirigeren\u2019 ... een vak, een roeping, een gave, een [&hellip;]","og_url":"https:\/\/kunstwerkdedirigent.nl\/index.php\/ambassadeurs\/","og_site_name":"Kunstwerk de dirigent","article_modified_time":"2026-03-31T18:38:51+00:00","twitter_card":"summary_large_image","twitter_misc":{"Est. reading time":"8 minutes"},"schema":{"@context":"https:\/\/schema.org","@graph":[{"@type":"WebPage","@id":"https:\/\/kunstwerkdedirigent.nl\/index.php\/ambassadeurs\/","url":"https:\/\/kunstwerkdedirigent.nl\/index.php\/ambassadeurs\/","name":"Ambassadeurs - Kunstwerk de dirigent","isPartOf":{"@id":"https:\/\/kunstwerkdedirigent.nl\/#website"},"datePublished":"2023-10-03T19:59:04+00:00","dateModified":"2026-03-31T18:38:51+00:00","breadcrumb":{"@id":"https:\/\/kunstwerkdedirigent.nl\/index.php\/ambassadeurs\/#breadcrumb"},"inLanguage":"en-US","potentialAction":[{"@type":"ReadAction","target":["https:\/\/kunstwerkdedirigent.nl\/index.php\/ambassadeurs\/"]}]},{"@type":"BreadcrumbList","@id":"https:\/\/kunstwerkdedirigent.nl\/index.php\/ambassadeurs\/#breadcrumb","itemListElement":[{"@type":"ListItem","position":1,"name":"Home","item":"https:\/\/kunstwerkdedirigent.nl\/"},{"@type":"ListItem","position":2,"name":"Ambassadeurs"}]},{"@type":"WebSite","@id":"https:\/\/kunstwerkdedirigent.nl\/#website","url":"https:\/\/kunstwerkdedirigent.nl\/","name":"Kunstwerk de dirigent","description":"Kunstwerk de dirigent","potentialAction":[{"@type":"SearchAction","target":{"@type":"EntryPoint","urlTemplate":"https:\/\/kunstwerkdedirigent.nl\/?s={search_term_string}"},"query-input":"required name=search_term_string"}],"inLanguage":"en-US"}]}},"_links":{"self":[{"href":"https:\/\/kunstwerkdedirigent.nl\/index.php\/wp-json\/wp\/v2\/pages\/214","targetHints":{"allow":["GET"]}}],"collection":[{"href":"https:\/\/kunstwerkdedirigent.nl\/index.php\/wp-json\/wp\/v2\/pages"}],"about":[{"href":"https:\/\/kunstwerkdedirigent.nl\/index.php\/wp-json\/wp\/v2\/types\/page"}],"author":[{"embeddable":true,"href":"https:\/\/kunstwerkdedirigent.nl\/index.php\/wp-json\/wp\/v2\/users\/1"}],"replies":[{"embeddable":true,"href":"https:\/\/kunstwerkdedirigent.nl\/index.php\/wp-json\/wp\/v2\/comments?post=214"}],"version-history":[{"count":62,"href":"https:\/\/kunstwerkdedirigent.nl\/index.php\/wp-json\/wp\/v2\/pages\/214\/revisions"}],"predecessor-version":[{"id":921,"href":"https:\/\/kunstwerkdedirigent.nl\/index.php\/wp-json\/wp\/v2\/pages\/214\/revisions\/921"}],"wp:attachment":[{"href":"https:\/\/kunstwerkdedirigent.nl\/index.php\/wp-json\/wp\/v2\/media?parent=214"}],"curies":[{"name":"wp","href":"https:\/\/api.w.org\/{rel}","templated":true}]}}